{"id":29,"date":"2025-04-08T10:48:48","date_gmt":"2025-04-08T08:48:48","guid":{"rendered":"https:\/\/sauvegardemontsducantal.fr\/?page_id=29"},"modified":"2025-05-14T17:53:37","modified_gmt":"2025-05-14T15:53:37","slug":"don","status":"publish","type":"page","link":"https:\/\/sauvegardemontsducantal.fr\/?page_id=29","title":{"rendered":"Je fais un don"},"content":{"rendered":"\t\t<div data-elementor-type=\"wp-page\" data-elementor-id=\"29\" class=\"elementor elementor-29\">\n\t\t\t\t<div class=\"elementor-element elementor-element-fe917b8 e-flex e-con-boxed e-con e-parent\" data-id=\"fe917b8\" data-element_type=\"container\">\n\t\t\t\t\t<div class=\"e-con-inner\">\n\t\t\t\t<div class=\"elementor-element elementor-element-57205fd elementor-widget elementor-widget-heading\" data-id=\"57205fd\" data-element_type=\"widget\" data-widget_type=\"heading.default\">\n\t\t\t\t<div class=\"elementor-widget-container\">\n\t\t\t\t\t<h2 class=\"elementor-heading-title elementor-size-default\">Je fais un don <\/h2>\t\t\t\t<\/div>\n\t\t\t\t<\/div>\n\t\t\t\t\t<\/div>\n\t\t\t\t<\/div>\n\t\t<div class=\"elementor-element elementor-element-7e6a3db e-flex e-con-boxed e-con e-parent\" data-id=\"7e6a3db\" data-element_type=\"container\">\n\t\t\t\t\t<div class=\"e-con-inner\">\n\t\t<div class=\"elementor-element elementor-element-72a15e3 e-grid e-con-full e-con e-child\" data-id=\"72a15e3\" data-element_type=\"container\">\n\t\t\t\t<div class=\"elementor-element elementor-element-98833a5 elementor-widget elementor-widget-text-editor\" data-id=\"98833a5\" data-element_type=\"widget\" data-widget_type=\"text-editor.default\">\n\t\t\t\t<div class=\"elementor-widget-container\">\n\t\t\t\t\t\t\t\t\t<p><strong>Faire un don ponctuel, devenir donateur r\u00e9gulier, &#8230;. Il y a de multiples fa\u00e7ons de soutenir l\u2019action de l&#8217;Association de Sauvegarde des Monts du Cantal ! <\/strong><\/p><p>Chaque don permet \u00e0 l&#8217;Association de financer de nouveaux projets pour mettre en valeur le territoire Pierrefortais, en le d\u00e9veloppant en regard des enjeux de demain !<\/p><p><em><strong>L\u2019association est reconnue d\u2019int\u00e9r\u00eat g\u00e9n\u00e9ral depuis d\u00e9but F\u00e9vrier 2025.<\/strong><\/em><\/p>\t\t\t\t\t\t\t\t<\/div>\n\t\t\t\t<\/div>\n\t\t\t\t<div class=\"elementor-element elementor-element-71dec3d elementor-widget elementor-widget-image\" data-id=\"71dec3d\" data-element_type=\"widget\" data-widget_type=\"image.default\">\n\t\t\t\t<div class=\"elementor-widget-container\">\n\t\t\t\t\t\t\t\t\t\t\t\t\t\t\t<img fetchpriority=\"high\" decoding=\"async\" width=\"300\" height=\"225\" src=\"https:\/\/sauvegardemontsducantal.fr\/wp-content\/uploads\/2025\/04\/UTF-8photo-montagne-1-300x225.jpg\" class=\"attachment-medium size-medium wp-image-110\" alt=\"\" srcset=\"https:\/\/sauvegardemontsducantal.fr\/wp-content\/uploads\/2025\/04\/UTF-8photo-montagne-1-300x225.jpg 300w, https:\/\/sauvegardemontsducantal.fr\/wp-content\/uploads\/2025\/04\/UTF-8photo-montagne-1-1024x768.jpg 1024w, https:\/\/sauvegardemontsducantal.fr\/wp-content\/uploads\/2025\/04\/UTF-8photo-montagne-1-768x576.jpg 768w, https:\/\/sauvegardemontsducantal.fr\/wp-content\/uploads\/2025\/04\/UTF-8photo-montagne-1-1536x1152.jpg 1536w, https:\/\/sauvegardemontsducantal.fr\/wp-content\/uploads\/2025\/04\/UTF-8photo-montagne-1-2048x1536.jpg 2048w\" sizes=\"(max-width: 300px) 100vw, 300px\" \/>\t\t\t\t\t\t\t\t\t\t\t\t\t\t\t<\/div>\n\t\t\t\t<\/div>\n\t\t\t\t<\/div>\n\t\t\t\t\t<\/div>\n\t\t\t\t<\/div>\n\t\t<div class=\"elementor-element elementor-element-74d4b99 e-flex e-con-boxed e-con e-parent\" data-id=\"74d4b99\" data-element_type=\"container\">\n\t\t\t\t\t<div class=\"e-con-inner\">\n\t\t\t\t<div class=\"elementor-element elementor-element-7a7a46f elementor-widget elementor-widget-text-editor\" data-id=\"7a7a46f\" data-element_type=\"widget\" data-widget_type=\"text-editor.default\">\n\t\t\t\t<div class=\"elementor-widget-container\">\n\t\t\t\t\t\t\t\t\t<p><strong><span class=\"x_gmail-font5\" data-olk-copy-source=\"MessageBody\">R\u00e9duction d\u2019imp\u00f4t pour les particuliers :<\/span><\/strong><\/p><p><strong><span class=\"x_gmail-font0\">66 % des somm<\/span><\/strong><span class=\"x_gmail-font0\"><strong>es vers\u00e9es au Fonds sont d\u00e9ductibles de votre imp\u00f4t sur le revenu<\/strong>.<br \/>\u00ab <em>Les dons effectu\u00e9s au Fonds par des particuliers ouvrent droit \u00e0 une r\u00e9duction d\u2019imp\u00f4t sur la base de 66 % des sommes vers\u00e9es, et ce dans la limite de 20 % du revenu imposable. Au-del\u00e0 du plafond de 20 % du revenu imposable, l\u2019exc\u00e9dent est report\u00e9 successivement sur les ann\u00e9es suivantes, jusqu\u2019\u00e0 la cinqui\u00e8me incluse, et ouvre droit \u00e0 la r\u00e9duction d\u2019imp\u00f4ts dans les m\u00eames conditions.<\/em> \u00bb Article 200 CGI.<\/span><\/p><p><span class=\"x_gmail-font0\"><br \/><strong>Concr\u00e8tement si vous versez un don de 100 \u20ac \u00e0 notre association, vous avez droit \u00e0 une r\u00e9duction d&#8217;imp\u00f4t de 66 \u20ac (100 \u20ac x 66 %).<\/strong><\/span><\/p><p><span class=\"x_gmail-font0\"><br \/>Pour chaque don, l\u2019Association de Sauvegarde des Monts du Cantal d\u00e9livre un <strong>re\u00e7u fiscal<\/strong>. Pour b\u00e9n\u00e9ficier de la r\u00e9duction d\u2019imp\u00f4t, il vous suffit de le mentionner \u00e0 votre d\u00e9claration de revenus. Le re\u00e7u fiscal est \u00e0 conserver.<\/span><\/p>\t\t\t\t\t\t\t\t<\/div>\n\t\t\t\t<\/div>\n\t\t\t\t\t<\/div>\n\t\t\t\t<\/div>\n\t\t<div class=\"elementor-element elementor-element-88ff26f e-grid e-con-boxed e-con e-parent\" data-id=\"88ff26f\" data-element_type=\"container\">\n\t\t\t\t\t<div class=\"e-con-inner\">\n\t\t\t\t<div class=\"elementor-element elementor-element-17485f9 elementor-widget elementor-widget-image\" data-id=\"17485f9\" data-element_type=\"widget\" data-widget_type=\"image.default\">\n\t\t\t\t<div class=\"elementor-widget-container\">\n\t\t\t\t\t\t\t\t\t\t\t\t\t\t\t\t<a href=\"https:\/\/sauvegardemontsducantal.fr\/?post_type=give_forms&#038;p=202\">\n\t\t\t\t\t\t\t<img decoding=\"async\" width=\"1024\" height=\"579\" src=\"https:\/\/sauvegardemontsducantal.fr\/wp-content\/uploads\/2025\/04\/Faire-un-don-1-1024x579.png\" class=\"attachment-large size-large wp-image-169\" alt=\"\" srcset=\"https:\/\/sauvegardemontsducantal.fr\/wp-content\/uploads\/2025\/04\/Faire-un-don-1-1024x579.png 1024w, https:\/\/sauvegardemontsducantal.fr\/wp-content\/uploads\/2025\/04\/Faire-un-don-1-300x170.png 300w, https:\/\/sauvegardemontsducantal.fr\/wp-content\/uploads\/2025\/04\/Faire-un-don-1-768x434.png 768w, https:\/\/sauvegardemontsducantal.fr\/wp-content\/uploads\/2025\/04\/Faire-un-don-1.png 1472w\" sizes=\"(max-width: 1024px) 100vw, 1024px\" \/>\t\t\t\t\t\t\t\t<\/a>\n\t\t\t\t\t\t\t\t\t\t\t\t\t\t\t<\/div>\n\t\t\t\t<\/div>\n\t\t\t\t<div class=\"elementor-element elementor-element-9358118 elementor-widget elementor-widget-text-editor\" data-id=\"9358118\" data-element_type=\"widget\" data-widget_type=\"text-editor.default\">\n\t\t\t\t<div class=\"elementor-widget-container\">\n\t\t\t\t\t\t\t\t\t<p>\u00a0<\/p><p><em><strong><a href=\"https:\/\/sauvegardemontsducantal.fr\/?post_type=give_forms&amp;p=202\">Je fais un don <\/a><\/strong><\/em><\/p><p><a href=\"https:\/\/sauvegardemontsducantal.fr\/?post_type=give_forms&amp;p=202\"><em><strong>au profit <\/strong><\/em><\/a><em><strong><a href=\"https:\/\/sauvegardemontsducantal.fr\/?post_type=give_forms&amp;p=202\">de <\/a><\/strong><\/em><a style=\"font-family: var(--global-body-font-family);\" href=\"https:\/\/sauvegardemontsducantal.fr\/?post_type=give_forms&amp;p=202\"><em><strong>l&#8217;Association <\/strong><\/em><\/a><\/p><p><a style=\"font-family: var(--global-body-font-family);\" href=\"https:\/\/sauvegardemontsducantal.fr\/?post_type=give_forms&amp;p=202\"><em><strong>de <\/strong><\/em><\/a><a href=\"https:\/\/sauvegardemontsducantal.fr\/?post_type=give_forms&amp;p=202\"><em><strong>Sauvegarde des Monts du Cantal <\/strong><\/em><\/a><\/p><table border=\"0\" width=\"997\" cellspacing=\"0\" cellpadding=\"0\"><tbody><tr><td class=\"x_gmail-xl66\" data-olk-copy-source=\"MessageBody\"><pre>J<em>e donne 100\u20ac, soit 34 \u20ac apr\u00e8s d\u00e9duction fiscale!<\/em><\/pre><\/td><\/tr><\/tbody><\/table>\t\t\t\t\t\t\t\t<\/div>\n\t\t\t\t<\/div>\n\t\t\t\t\t<\/div>\n\t\t\t\t<\/div>\n\t\t\t\t<\/div>\n\t\t","protected":false},"excerpt":{"rendered":"<p>Je fais un don Faire un don ponctuel, devenir donateur r\u00e9gulier, &#8230;. Il y a de multiples fa\u00e7ons de soutenir l\u2019action de l&#8217;Association de Sauvegarde des Monts du Cantal ! Chaque don permet \u00e0 l&#8217;Association de financer de nouveaux projets pour mettre en valeur le territoire Pierrefortais, en le d\u00e9veloppant en regard des enjeux de&#8230;<\/p>\n","protected":false},"author":1,"featured_media":0,"parent":0,"menu_order":0,"comment_status":"closed","ping_status":"closed","template":"","meta":{"give_campaign_id":0,"_kad_post_transparent":"","_kad_post_title":"hide","_kad_post_layout":"fullwidth","_kad_post_sidebar_id":"","_kad_post_content_style":"unboxed","_kad_post_vertical_padding":"hide","_kad_post_feature":"hide","_kad_post_feature_position":"","_kad_post_header":false,"_kad_post_footer":false,"footnotes":""},"class_list":["post-29","page","type-page","status-publish","hentry"],"campaignId":"","_links":{"self":[{"href":"https:\/\/sauvegardemontsducantal.fr\/index.php?rest_route=\/wp\/v2\/pages\/29","targetHints":{"allow":["GET"]}}],"collection":[{"href":"https:\/\/sauvegardemontsducantal.fr\/index.php?rest_route=\/wp\/v2\/pages"}],"about":[{"href":"https:\/\/sauvegardemontsducantal.fr\/index.php?rest_route=\/wp\/v2\/types\/page"}],"author":[{"embeddable":true,"href":"https:\/\/sauvegardemontsducantal.fr\/index.php?rest_route=\/wp\/v2\/users\/1"}],"replies":[{"embeddable":true,"href":"https:\/\/sauvegardemontsducantal.fr\/index.php?rest_route=%2Fwp%2Fv2%2Fcomments&post=29"}],"version-history":[{"count":57,"href":"https:\/\/sauvegardemontsducantal.fr\/index.php?rest_route=\/wp\/v2\/pages\/29\/revisions"}],"predecessor-version":[{"id":593,"href":"https:\/\/sauvegardemontsducantal.fr\/index.php?rest_route=\/wp\/v2\/pages\/29\/revisions\/593"}],"wp:attachment":[{"href":"https:\/\/sauvegardemontsducantal.fr\/index.php?rest_route=%2Fwp%2Fv2%2Fmedia&parent=29"}],"curies":[{"name":"wp","href":"https:\/\/api.w.org\/{rel}","templated":true}]}}