{"id":21,"date":"2025-04-08T10:46:29","date_gmt":"2025-04-08T08:46:29","guid":{"rendered":"https:\/\/sauvegardemontsducantal.fr\/?page_id=21"},"modified":"2025-07-29T10:52:33","modified_gmt":"2025-07-29T08:52:33","slug":"revue-de-presse","status":"publish","type":"page","link":"https:\/\/sauvegardemontsducantal.fr\/?page_id=21","title":{"rendered":"Revue de presse"},"content":{"rendered":"\t\t<div data-elementor-type=\"wp-page\" data-elementor-id=\"21\" class=\"elementor elementor-21\">\n\t\t\t\t<div class=\"elementor-element elementor-element-a74efe3 e-flex e-con-boxed e-con e-parent\" data-id=\"a74efe3\" data-element_type=\"container\">\n\t\t\t\t\t<div class=\"e-con-inner\">\n\t\t\t\t<div class=\"elementor-element elementor-element-f164f87 elementor-widget elementor-widget-text-editor\" data-id=\"f164f87\" data-element_type=\"widget\" data-widget_type=\"text-editor.default\">\n\t\t\t\t<div class=\"elementor-widget-container\">\n\t\t\t\t\t\t\t\t\t<p><strong><em>Les conf\u00e9rences<\/em><\/strong><\/p>\t\t\t\t\t\t\t\t<\/div>\n\t\t\t\t<\/div>\n\t\t\t\t\t<\/div>\n\t\t\t\t<\/div>\n\t\t<div class=\"elementor-element elementor-element-30d7320 e-grid e-con-boxed e-con e-parent\" data-id=\"30d7320\" data-element_type=\"container\">\n\t\t\t\t\t<div class=\"e-con-inner\">\n\t\t\t\t<div class=\"elementor-element elementor-element-0164464 elementor-widget elementor-widget-image\" data-id=\"0164464\" data-element_type=\"widget\" data-widget_type=\"image.default\">\n\t\t\t\t<div class=\"elementor-widget-container\">\n\t\t\t\t\t\t\t\t\t\t\t\t<figure class=\"wp-caption\">\n\t\t\t\t\t\t\t\t\t\t<img fetchpriority=\"high\" decoding=\"async\" width=\"890\" height=\"670\" src=\"https:\/\/sauvegardemontsducantal.fr\/wp-content\/uploads\/2025\/07\/20250327-La-Montagne-A-la-decouverte-de-la-flore-des-montagnes.png\" class=\"attachment-large size-large wp-image-767\" alt=\"\" srcset=\"https:\/\/sauvegardemontsducantal.fr\/wp-content\/uploads\/2025\/07\/20250327-La-Montagne-A-la-decouverte-de-la-flore-des-montagnes.png 890w, https:\/\/sauvegardemontsducantal.fr\/wp-content\/uploads\/2025\/07\/20250327-La-Montagne-A-la-decouverte-de-la-flore-des-montagnes-300x226.png 300w, https:\/\/sauvegardemontsducantal.fr\/wp-content\/uploads\/2025\/07\/20250327-La-Montagne-A-la-decouverte-de-la-flore-des-montagnes-768x578.png 768w\" sizes=\"(max-width: 890px) 100vw, 890px\" \/>\t\t\t\t\t\t\t\t\t\t\t<figcaption class=\"widget-image-caption wp-caption-text\">2025.03.27 La Montagne - A la d\u00e9couverte de la flore des montagnes<\/figcaption>\n\t\t\t\t\t\t\t\t\t\t<\/figure>\n\t\t\t\t\t\t\t\t\t<\/div>\n\t\t\t\t<\/div>\n\t\t\t\t<div class=\"elementor-element elementor-element-1184b5c elementor-widget elementor-widget-image\" data-id=\"1184b5c\" data-element_type=\"widget\" data-widget_type=\"image.default\">\n\t\t\t\t<div class=\"elementor-widget-container\">\n\t\t\t\t\t\t\t\t\t\t\t\t<figure class=\"wp-caption\">\n\t\t\t\t\t\t\t\t\t\t<img decoding=\"async\" width=\"318\" height=\"596\" src=\"https:\/\/sauvegardemontsducantal.fr\/wp-content\/uploads\/2025\/07\/20250403-LUnion-Cantal-Conference-sur-la-flore-a-Sainte-Marie.png\" class=\"attachment-large size-large wp-image-766\" alt=\"\" srcset=\"https:\/\/sauvegardemontsducantal.fr\/wp-content\/uploads\/2025\/07\/20250403-LUnion-Cantal-Conference-sur-la-flore-a-Sainte-Marie.png 318w, https:\/\/sauvegardemontsducantal.fr\/wp-content\/uploads\/2025\/07\/20250403-LUnion-Cantal-Conference-sur-la-flore-a-Sainte-Marie-160x300.png 160w\" sizes=\"(max-width: 318px) 100vw, 318px\" \/>\t\t\t\t\t\t\t\t\t\t\t<figcaption class=\"widget-image-caption wp-caption-text\">2025.04.03 L'Union Cantal - Conf\u00e9rence sur la flore \u00e0 Sainte-Marie<\/figcaption>\n\t\t\t\t\t\t\t\t\t\t<\/figure>\n\t\t\t\t\t\t\t\t\t<\/div>\n\t\t\t\t<\/div>\n\t\t\t\t<div class=\"elementor-element elementor-element-5180faa elementor-widget elementor-widget-image\" data-id=\"5180faa\" data-element_type=\"widget\" data-widget_type=\"image.default\">\n\t\t\t\t<div class=\"elementor-widget-container\">\n\t\t\t\t\t\t\t\t\t\t\t\t<figure class=\"wp-caption\">\n\t\t\t\t\t\t\t\t\t\t<img decoding=\"async\" width=\"494\" height=\"927\" src=\"https:\/\/sauvegardemontsducantal.fr\/wp-content\/uploads\/2025\/07\/20250414-La-Montagne-Une-nuit-sous-les-etoiles.png\" class=\"attachment-large size-large wp-image-768\" alt=\"\" srcset=\"https:\/\/sauvegardemontsducantal.fr\/wp-content\/uploads\/2025\/07\/20250414-La-Montagne-Une-nuit-sous-les-etoiles.png 494w, https:\/\/sauvegardemontsducantal.fr\/wp-content\/uploads\/2025\/07\/20250414-La-Montagne-Une-nuit-sous-les-etoiles-160x300.png 160w\" sizes=\"(max-width: 494px) 100vw, 494px\" \/>\t\t\t\t\t\t\t\t\t\t\t<figcaption class=\"widget-image-caption wp-caption-text\">2025.04.14 La Montagne - Une nuit sous les \u00e9toiles<\/figcaption>\n\t\t\t\t\t\t\t\t\t\t<\/figure>\n\t\t\t\t\t\t\t\t\t<\/div>\n\t\t\t\t<\/div>\n\t\t\t\t\t<\/div>\n\t\t\t\t<\/div>\n\t\t<div class=\"elementor-element elementor-element-2b40bce e-flex e-con-boxed e-con e-parent\" data-id=\"2b40bce\" data-element_type=\"container\">\n\t\t\t\t\t<div class=\"e-con-inner\">\n\t\t\t\t<div class=\"elementor-element elementor-element-4042d31 elementor-widget-divider--view-line elementor-widget elementor-widget-divider\" data-id=\"4042d31\" data-element_type=\"widget\" data-widget_type=\"divider.default\">\n\t\t\t\t<div class=\"elementor-widget-container\">\n\t\t\t\t\t\t\t<div class=\"elementor-divider\">\n\t\t\t<span class=\"elementor-divider-separator\">\n\t\t\t\t\t\t<\/span>\n\t\t<\/div>\n\t\t\t\t\t\t<\/div>\n\t\t\t\t<\/div>\n\t\t\t\t\t<\/div>\n\t\t\t\t<\/div>\n\t\t<div class=\"elementor-element elementor-element-98a2ebd e-flex e-con-boxed e-con e-parent\" data-id=\"98a2ebd\" data-element_type=\"container\">\n\t\t\t\t\t<div class=\"e-con-inner\">\n\t\t\t\t<div class=\"elementor-element elementor-element-5c0925d elementor-widget elementor-widget-text-editor\" data-id=\"5c0925d\" data-element_type=\"widget\" data-widget_type=\"text-editor.default\">\n\t\t\t\t<div class=\"elementor-widget-container\">\n\t\t\t\t\t\t\t\t\t<p><em><strong>La pr\u00e9servation et la promotion du territoire<\/strong><\/em><\/p>\t\t\t\t\t\t\t\t<\/div>\n\t\t\t\t<\/div>\n\t\t\t\t\t<\/div>\n\t\t\t\t<\/div>\n\t\t<div class=\"elementor-element elementor-element-7437a42 e-grid e-con-boxed e-con e-parent\" data-id=\"7437a42\" data-element_type=\"container\">\n\t\t\t\t\t<div class=\"e-con-inner\">\n\t\t\t\t<div class=\"elementor-element elementor-element-05fda9b elementor-widget elementor-widget-image\" data-id=\"05fda9b\" data-element_type=\"widget\" data-widget_type=\"image.default\">\n\t\t\t\t<div class=\"elementor-widget-container\">\n\t\t\t\t\t\t\t\t\t\t\t\t<figure class=\"wp-caption\">\n\t\t\t\t\t\t\t\t\t\t<img loading=\"lazy\" decoding=\"async\" width=\"923\" height=\"1024\" src=\"https:\/\/sauvegardemontsducantal.fr\/wp-content\/uploads\/2025\/07\/20241204-La-Montagne-On-est-contents-mais-prudents-923x1024.jpg\" class=\"attachment-large size-large wp-image-770\" alt=\"\" srcset=\"https:\/\/sauvegardemontsducantal.fr\/wp-content\/uploads\/2025\/07\/20241204-La-Montagne-On-est-contents-mais-prudents-923x1024.jpg 923w, https:\/\/sauvegardemontsducantal.fr\/wp-content\/uploads\/2025\/07\/20241204-La-Montagne-On-est-contents-mais-prudents-270x300.jpg 270w, https:\/\/sauvegardemontsducantal.fr\/wp-content\/uploads\/2025\/07\/20241204-La-Montagne-On-est-contents-mais-prudents-768x852.jpg 768w, https:\/\/sauvegardemontsducantal.fr\/wp-content\/uploads\/2025\/07\/20241204-La-Montagne-On-est-contents-mais-prudents-1384x1536.jpg 1384w, https:\/\/sauvegardemontsducantal.fr\/wp-content\/uploads\/2025\/07\/20241204-La-Montagne-On-est-contents-mais-prudents-1846x2048.jpg 1846w\" sizes=\"(max-width: 923px) 100vw, 923px\" \/>\t\t\t\t\t\t\t\t\t\t\t<figcaption class=\"widget-image-caption wp-caption-text\">2024.12.04 La Montagne - On est contents mais prudents<\/figcaption>\n\t\t\t\t\t\t\t\t\t\t<\/figure>\n\t\t\t\t\t\t\t\t\t<\/div>\n\t\t\t\t<\/div>\n\t\t\t\t<div class=\"elementor-element elementor-element-09727df elementor-widget elementor-widget-image\" data-id=\"09727df\" data-element_type=\"widget\" data-widget_type=\"image.default\">\n\t\t\t\t<div class=\"elementor-widget-container\">\n\t\t\t\t\t\t\t\t\t\t\t\t<figure class=\"wp-caption\">\n\t\t\t\t\t\t\t\t\t\t<img loading=\"lazy\" decoding=\"async\" width=\"832\" height=\"828\" src=\"https:\/\/sauvegardemontsducantal.fr\/wp-content\/uploads\/2025\/07\/20250116-La-Montagne-Promouvoir-le-territoire.png\" class=\"attachment-large size-large wp-image-771\" alt=\"\" srcset=\"https:\/\/sauvegardemontsducantal.fr\/wp-content\/uploads\/2025\/07\/20250116-La-Montagne-Promouvoir-le-territoire.png 832w, https:\/\/sauvegardemontsducantal.fr\/wp-content\/uploads\/2025\/07\/20250116-La-Montagne-Promouvoir-le-territoire-300x300.png 300w, https:\/\/sauvegardemontsducantal.fr\/wp-content\/uploads\/2025\/07\/20250116-La-Montagne-Promouvoir-le-territoire-150x150.png 150w, https:\/\/sauvegardemontsducantal.fr\/wp-content\/uploads\/2025\/07\/20250116-La-Montagne-Promouvoir-le-territoire-768x764.png 768w\" sizes=\"(max-width: 832px) 100vw, 832px\" \/>\t\t\t\t\t\t\t\t\t\t\t<figcaption class=\"widget-image-caption wp-caption-text\">2025.01.16 La Montagne - Promouvoir le territoire<\/figcaption>\n\t\t\t\t\t\t\t\t\t\t<\/figure>\n\t\t\t\t\t\t\t\t\t<\/div>\n\t\t\t\t<\/div>\n\t\t\t\t<div class=\"elementor-element elementor-element-d59981d elementor-widget elementor-widget-image\" data-id=\"d59981d\" data-element_type=\"widget\" data-widget_type=\"image.default\">\n\t\t\t\t<div class=\"elementor-widget-container\">\n\t\t\t\t\t\t\t\t\t\t\t\t<figure class=\"wp-caption\">\n\t\t\t\t\t\t\t\t\t\t<img loading=\"lazy\" decoding=\"async\" width=\"915\" height=\"718\" src=\"https:\/\/sauvegardemontsducantal.fr\/wp-content\/uploads\/2025\/07\/20250512-La-Montagne-Des-actions-pour-booster-le-territoire.png\" class=\"attachment-large size-large wp-image-769\" alt=\"\" srcset=\"https:\/\/sauvegardemontsducantal.fr\/wp-content\/uploads\/2025\/07\/20250512-La-Montagne-Des-actions-pour-booster-le-territoire.png 915w, https:\/\/sauvegardemontsducantal.fr\/wp-content\/uploads\/2025\/07\/20250512-La-Montagne-Des-actions-pour-booster-le-territoire-300x235.png 300w, https:\/\/sauvegardemontsducantal.fr\/wp-content\/uploads\/2025\/07\/20250512-La-Montagne-Des-actions-pour-booster-le-territoire-768x603.png 768w\" sizes=\"(max-width: 915px) 100vw, 915px\" \/>\t\t\t\t\t\t\t\t\t\t\t<figcaption class=\"widget-image-caption wp-caption-text\">2025.05.12 La Montagne - Des actions pour booster le territoire<\/figcaption>\n\t\t\t\t\t\t\t\t\t\t<\/figure>\n\t\t\t\t\t\t\t\t\t<\/div>\n\t\t\t\t<\/div>\n\t\t\t\t\t<\/div>\n\t\t\t\t<\/div>\n\t\t<div class=\"elementor-element elementor-element-09d0ea0 e-flex e-con-boxed e-con e-parent\" data-id=\"09d0ea0\" data-element_type=\"container\">\n\t\t\t\t\t<div class=\"e-con-inner\">\n\t\t\t\t<div class=\"elementor-element elementor-element-0f0b537 elementor-widget-divider--view-line elementor-widget elementor-widget-divider\" data-id=\"0f0b537\" data-element_type=\"widget\" data-widget_type=\"divider.default\">\n\t\t\t\t<div class=\"elementor-widget-container\">\n\t\t\t\t\t\t\t<div class=\"elementor-divider\">\n\t\t\t<span class=\"elementor-divider-separator\">\n\t\t\t\t\t\t<\/span>\n\t\t<\/div>\n\t\t\t\t\t\t<\/div>\n\t\t\t\t<\/div>\n\t\t\t\t<div class=\"elementor-element elementor-element-7de506a elementor-widget elementor-widget-text-editor\" data-id=\"7de506a\" data-element_type=\"widget\" data-widget_type=\"text-editor.default\">\n\t\t\t\t<div class=\"elementor-widget-container\">\n\t\t\t\t\t\t\t\t\t<p><em>F\u00eate du Pastorialisme\u00a0<\/em><\/p>\t\t\t\t\t\t\t\t<\/div>\n\t\t\t\t<\/div>\n\t\t\t\t\t<\/div>\n\t\t\t\t<\/div>\n\t\t<div class=\"elementor-element elementor-element-c1e7075 e-grid e-con-boxed e-con e-parent\" data-id=\"c1e7075\" data-element_type=\"container\">\n\t\t\t\t\t<div class=\"e-con-inner\">\n\t\t\t\t<div class=\"elementor-element elementor-element-843c610 elementor-widget elementor-widget-image\" data-id=\"843c610\" data-element_type=\"widget\" data-widget_type=\"image.default\">\n\t\t\t\t<div class=\"elementor-widget-container\">\n\t\t\t\t\t\t\t\t\t\t\t\t<figure class=\"wp-caption\">\n\t\t\t\t\t\t\t\t\t\t<img loading=\"lazy\" decoding=\"async\" width=\"465\" height=\"1024\" src=\"https:\/\/sauvegardemontsducantal.fr\/wp-content\/uploads\/2025\/07\/2024-LUnion-Cantal-Fete-du-pastoralisme-465x1024.jpg\" class=\"attachment-large size-large wp-image-777\" alt=\"\" srcset=\"https:\/\/sauvegardemontsducantal.fr\/wp-content\/uploads\/2025\/07\/2024-LUnion-Cantal-Fete-du-pastoralisme-465x1024.jpg 465w, https:\/\/sauvegardemontsducantal.fr\/wp-content\/uploads\/2025\/07\/2024-LUnion-Cantal-Fete-du-pastoralisme-136x300.jpg 136w, https:\/\/sauvegardemontsducantal.fr\/wp-content\/uploads\/2025\/07\/2024-LUnion-Cantal-Fete-du-pastoralisme-768x1691.jpg 768w, https:\/\/sauvegardemontsducantal.fr\/wp-content\/uploads\/2025\/07\/2024-LUnion-Cantal-Fete-du-pastoralisme-698x1536.jpg 698w, https:\/\/sauvegardemontsducantal.fr\/wp-content\/uploads\/2025\/07\/2024-LUnion-Cantal-Fete-du-pastoralisme-930x2048.jpg 930w, https:\/\/sauvegardemontsducantal.fr\/wp-content\/uploads\/2025\/07\/2024-LUnion-Cantal-Fete-du-pastoralisme-scaled.jpg 1163w\" sizes=\"(max-width: 465px) 100vw, 465px\" \/>\t\t\t\t\t\t\t\t\t\t\t<figcaption class=\"widget-image-caption wp-caption-text\">2024 L'Union Cantal - F\u00eate du pastoralisme<\/figcaption>\n\t\t\t\t\t\t\t\t\t\t<\/figure>\n\t\t\t\t\t\t\t\t\t<\/div>\n\t\t\t\t<\/div>\n\t\t\t\t<div class=\"elementor-element elementor-element-16c01f8 elementor-widget elementor-widget-image\" data-id=\"16c01f8\" data-element_type=\"widget\" data-widget_type=\"image.default\">\n\t\t\t\t<div class=\"elementor-widget-container\">\n\t\t\t\t\t\t\t\t\t\t\t\t<figure class=\"wp-caption\">\n\t\t\t\t\t\t\t\t\t\t<img loading=\"lazy\" decoding=\"async\" width=\"357\" height=\"780\" src=\"https:\/\/sauvegardemontsducantal.fr\/wp-content\/uploads\/2025\/07\/20250514-LUnion-Cantal-Fete-Pastoralisme-mecenat.png\" class=\"attachment-large size-large wp-image-778\" alt=\"\" srcset=\"https:\/\/sauvegardemontsducantal.fr\/wp-content\/uploads\/2025\/07\/20250514-LUnion-Cantal-Fete-Pastoralisme-mecenat.png 357w, https:\/\/sauvegardemontsducantal.fr\/wp-content\/uploads\/2025\/07\/20250514-LUnion-Cantal-Fete-Pastoralisme-mecenat-137x300.png 137w\" sizes=\"(max-width: 357px) 100vw, 357px\" \/>\t\t\t\t\t\t\t\t\t\t\t<figcaption class=\"widget-image-caption wp-caption-text\">2025.05.14 - L'Union Cantal F\u00eate Pastoralisme &amp; m\u00e9c\u00e9nat<\/figcaption>\n\t\t\t\t\t\t\t\t\t\t<\/figure>\n\t\t\t\t\t\t\t\t\t<\/div>\n\t\t\t\t<\/div>\n\t\t\t\t<div class=\"elementor-element elementor-element-17e571d elementor-widget elementor-widget-image\" data-id=\"17e571d\" data-element_type=\"widget\" data-widget_type=\"image.default\">\n\t\t\t\t<div class=\"elementor-widget-container\">\n\t\t\t\t\t\t\t\t\t\t\t\t<figure class=\"wp-caption\">\n\t\t\t\t\t\t\t\t\t\t<img loading=\"lazy\" decoding=\"async\" width=\"980\" height=\"711\" src=\"https:\/\/sauvegardemontsducantal.fr\/wp-content\/uploads\/2025\/07\/20250526-La-Montagne-Trois-jours-dedies-aux-traditions-pastorales.png\" class=\"attachment-large size-large wp-image-779\" alt=\"\" srcset=\"https:\/\/sauvegardemontsducantal.fr\/wp-content\/uploads\/2025\/07\/20250526-La-Montagne-Trois-jours-dedies-aux-traditions-pastorales.png 980w, https:\/\/sauvegardemontsducantal.fr\/wp-content\/uploads\/2025\/07\/20250526-La-Montagne-Trois-jours-dedies-aux-traditions-pastorales-300x218.png 300w, https:\/\/sauvegardemontsducantal.fr\/wp-content\/uploads\/2025\/07\/20250526-La-Montagne-Trois-jours-dedies-aux-traditions-pastorales-768x557.png 768w\" sizes=\"(max-width: 980px) 100vw, 980px\" \/>\t\t\t\t\t\t\t\t\t\t\t<figcaption class=\"widget-image-caption wp-caption-text\">2025.05.26 La Montagne - Trois jours d\u00e9di\u00e9s aux traditions pastorales<\/figcaption>\n\t\t\t\t\t\t\t\t\t\t<\/figure>\n\t\t\t\t\t\t\t\t\t<\/div>\n\t\t\t\t<\/div>\n\t\t\t\t\t<\/div>\n\t\t\t\t<\/div>\n\t\t\t\t<\/div>\n\t\t","protected":false},"excerpt":{"rendered":"<p>Les conf\u00e9rences 2025.03.27 La Montagne &#8211; A la d\u00e9couverte de la flore des montagnes 2025.04.03 L&#8217;Union Cantal &#8211; Conf\u00e9rence sur la flore \u00e0 Sainte-Marie 2025.04.14 La Montagne &#8211; Une nuit sous les \u00e9toiles La pr\u00e9servation et la promotion du territoire 2024.12.04 La Montagne &#8211; On est contents mais prudents 2025.01.16 La Montagne &#8211; Promouvoir le&#8230;<\/p>\n","protected":false},"author":1,"featured_media":0,"parent":0,"menu_order":0,"comment_status":"closed","ping_status":"closed","template":"","meta":{"give_campaign_id":0,"_kad_post_transparent":"","_kad_post_title":"hide","_kad_post_layout":"fullwidth","_kad_post_sidebar_id":"","_kad_post_content_style":"unboxed","_kad_post_vertical_padding":"hide","_kad_post_feature":"hide","_kad_post_feature_position":"","_kad_post_header":false,"_kad_post_footer":false,"footnotes":""},"class_list":["post-21","page","type-page","status-publish","hentry"],"campaignId":"","_links":{"self":[{"href":"https:\/\/sauvegardemontsducantal.fr\/index.php?rest_route=\/wp\/v2\/pages\/21","targetHints":{"allow":["GET"]}}],"collection":[{"href":"https:\/\/sauvegardemontsducantal.fr\/index.php?rest_route=\/wp\/v2\/pages"}],"about":[{"href":"https:\/\/sauvegardemontsducantal.fr\/index.php?rest_route=\/wp\/v2\/types\/page"}],"author":[{"embeddable":true,"href":"https:\/\/sauvegardemontsducantal.fr\/index.php?rest_route=\/wp\/v2\/users\/1"}],"replies":[{"embeddable":true,"href":"https:\/\/sauvegardemontsducantal.fr\/index.php?rest_route=%2Fwp%2Fv2%2Fcomments&post=21"}],"version-history":[{"count":10,"href":"https:\/\/sauvegardemontsducantal.fr\/index.php?rest_route=\/wp\/v2\/pages\/21\/revisions"}],"predecessor-version":[{"id":785,"href":"https:\/\/sauvegardemontsducantal.fr\/index.php?rest_route=\/wp\/v2\/pages\/21\/revisions\/785"}],"wp:attachment":[{"href":"https:\/\/sauvegardemontsducantal.fr\/index.php?rest_route=%2Fwp%2Fv2%2Fmedia&parent=21"}],"curies":[{"name":"wp","href":"https:\/\/api.w.org\/{rel}","templated":true}]}}