{"id":19,"date":"2025-04-08T10:46:10","date_gmt":"2025-04-08T08:46:10","guid":{"rendered":"https:\/\/sauvegardemontsducantal.fr\/?page_id=19"},"modified":"2026-03-06T11:54:45","modified_gmt":"2026-03-06T10:54:45","slug":"actulalite","status":"publish","type":"page","link":"https:\/\/sauvegardemontsducantal.fr\/?page_id=19","title":{"rendered":"\u00a0Agenda"},"content":{"rendered":"\t\t<div data-elementor-type=\"wp-page\" data-elementor-id=\"19\" class=\"elementor elementor-19\">\n\t\t\t\t<div class=\"elementor-element elementor-element-4b368aa e-flex e-con-boxed e-con e-parent\" data-id=\"4b368aa\" data-element_type=\"container\">\n\t\t\t\t\t<div class=\"e-con-inner\">\n\t\t\t\t<div class=\"elementor-element elementor-element-f573ded elementor-widget elementor-widget-text-editor\" data-id=\"f573ded\" data-element_type=\"widget\" data-widget_type=\"text-editor.default\">\n\t\t\t\t<div class=\"elementor-widget-container\">\n\t\t\t\t\t\t\t\t\t<h1>AGENDA 2026<\/h1>\t\t\t\t\t\t\t\t<\/div>\n\t\t\t\t<\/div>\n\t\t\t\t\t<\/div>\n\t\t\t\t<\/div>\n\t\t<div class=\"elementor-element elementor-element-dbdbd56 e-flex e-con-boxed e-con e-parent\" data-id=\"dbdbd56\" data-element_type=\"container\">\n\t\t\t\t\t<div class=\"e-con-inner\">\n\t\t\t\t<div class=\"elementor-element elementor-element-c373383 elementor-widget elementor-widget-text-editor\" data-id=\"c373383\" data-element_type=\"widget\" data-widget_type=\"text-editor.default\">\n\t\t\t\t<div class=\"elementor-widget-container\">\n\t\t\t\t\t\t\t\t\t<h3><strong>F\u00eate du Pastoralisme 2026 : du 15 au 17 mai, \u00e0 C\u00e9zens!\u00a0<\/strong><\/h3><p>\u00a0<strong style=\"color: #4a5568; font-family: Roboto, sans-serif; font-size: 18px; background-color: #ffffff;\">Informations : 06 61 00 92 03\u00a0 \u00a0 \u00a0 \u00a0 \u00a0 \u00a0\u00a0<\/strong><strong style=\"color: #4a5568; font-family: Roboto, sans-serif; font-size: 18px; background-color: #ffffff;\">R\u00e9servations Repas : 06 78 53 54 93<\/strong><\/p>\t\t\t\t\t\t\t\t<\/div>\n\t\t\t\t<\/div>\n\t\t\t\t\t<\/div>\n\t\t\t\t<\/div>\n\t\t<div class=\"elementor-element elementor-element-a45a326 e-flex e-con-boxed e-con e-parent\" data-id=\"a45a326\" data-element_type=\"container\">\n\t\t\t\t\t<div class=\"e-con-inner\">\n\t\t<div class=\"elementor-element elementor-element-ac8bd00 e-con-full e-flex e-con e-child\" data-id=\"ac8bd00\" data-element_type=\"container\">\n\t\t\t\t<div class=\"elementor-element elementor-element-0487dde elementor-widget elementor-widget-image\" data-id=\"0487dde\" data-element_type=\"widget\" data-widget_type=\"image.default\">\n\t\t\t\t<div class=\"elementor-widget-container\">\n\t\t\t\t\t\t\t\t\t\t\t\t\t\t\t<img fetchpriority=\"high\" decoding=\"async\" width=\"721\" height=\"1024\" src=\"https:\/\/sauvegardemontsducantal.fr\/wp-content\/uploads\/2026\/03\/page-couverture-721x1024.png\" class=\"attachment-large size-large wp-image-951\" alt=\"\" srcset=\"https:\/\/sauvegardemontsducantal.fr\/wp-content\/uploads\/2026\/03\/page-couverture-721x1024.png 721w, https:\/\/sauvegardemontsducantal.fr\/wp-content\/uploads\/2026\/03\/page-couverture-211x300.png 211w, https:\/\/sauvegardemontsducantal.fr\/wp-content\/uploads\/2026\/03\/page-couverture-768x1090.png 768w, https:\/\/sauvegardemontsducantal.fr\/wp-content\/uploads\/2026\/03\/page-couverture-1082x1536.png 1082w, https:\/\/sauvegardemontsducantal.fr\/wp-content\/uploads\/2026\/03\/page-couverture.png 1409w\" sizes=\"(max-width: 721px) 100vw, 721px\" \/>\t\t\t\t\t\t\t\t\t\t\t\t\t\t\t<\/div>\n\t\t\t\t<\/div>\n\t\t\t\t<\/div>\n\t\t<div class=\"elementor-element elementor-element-892a450 e-con-full e-flex e-con e-child\" data-id=\"892a450\" data-element_type=\"container\">\n\t\t\t\t<div class=\"elementor-element elementor-element-2eb1f13 elementor-widget elementor-widget-image\" data-id=\"2eb1f13\" data-element_type=\"widget\" data-widget_type=\"image.default\">\n\t\t\t\t<div class=\"elementor-widget-container\">\n\t\t\t\t\t\t\t\t\t\t\t\t\t\t\t<img decoding=\"async\" width=\"721\" height=\"1024\" src=\"https:\/\/sauvegardemontsducantal.fr\/wp-content\/uploads\/2026\/03\/samedi-18-721x1024.png\" class=\"attachment-large size-large wp-image-954\" alt=\"\" srcset=\"https:\/\/sauvegardemontsducantal.fr\/wp-content\/uploads\/2026\/03\/samedi-18-721x1024.png 721w, https:\/\/sauvegardemontsducantal.fr\/wp-content\/uploads\/2026\/03\/samedi-18-211x300.png 211w, https:\/\/sauvegardemontsducantal.fr\/wp-content\/uploads\/2026\/03\/samedi-18-768x1090.png 768w, https:\/\/sauvegardemontsducantal.fr\/wp-content\/uploads\/2026\/03\/samedi-18-1082x1536.png 1082w, https:\/\/sauvegardemontsducantal.fr\/wp-content\/uploads\/2026\/03\/samedi-18.png 1409w\" sizes=\"(max-width: 721px) 100vw, 721px\" \/>\t\t\t\t\t\t\t\t\t\t\t\t\t\t\t<\/div>\n\t\t\t\t<\/div>\n\t\t\t\t<\/div>\n\t\t<div class=\"elementor-element elementor-element-5abf2cf e-con-full e-flex e-con e-child\" data-id=\"5abf2cf\" data-element_type=\"container\">\n\t\t\t\t<div class=\"elementor-element elementor-element-10c85b7 elementor-widget elementor-widget-image\" data-id=\"10c85b7\" data-element_type=\"widget\" data-widget_type=\"image.default\">\n\t\t\t\t<div class=\"elementor-widget-container\">\n\t\t\t\t\t\t\t\t\t\t\t\t\t\t\t<img decoding=\"async\" width=\"721\" height=\"1024\" src=\"https:\/\/sauvegardemontsducantal.fr\/wp-content\/uploads\/2026\/03\/samedi-18-2-721x1024.png\" class=\"attachment-large size-large wp-image-952\" alt=\"\" srcset=\"https:\/\/sauvegardemontsducantal.fr\/wp-content\/uploads\/2026\/03\/samedi-18-2-721x1024.png 721w, https:\/\/sauvegardemontsducantal.fr\/wp-content\/uploads\/2026\/03\/samedi-18-2-211x300.png 211w, https:\/\/sauvegardemontsducantal.fr\/wp-content\/uploads\/2026\/03\/samedi-18-2-768x1090.png 768w, https:\/\/sauvegardemontsducantal.fr\/wp-content\/uploads\/2026\/03\/samedi-18-2-1082x1536.png 1082w, https:\/\/sauvegardemontsducantal.fr\/wp-content\/uploads\/2026\/03\/samedi-18-2.png 1409w\" sizes=\"(max-width: 721px) 100vw, 721px\" \/>\t\t\t\t\t\t\t\t\t\t\t\t\t\t\t<\/div>\n\t\t\t\t<\/div>\n\t\t\t\t<\/div>\n\t\t<div class=\"elementor-element elementor-element-ee9aac4 e-con-full e-flex e-con e-child\" data-id=\"ee9aac4\" data-element_type=\"container\">\n\t\t\t\t<div class=\"elementor-element elementor-element-5a733aa elementor-widget elementor-widget-image\" data-id=\"5a733aa\" data-element_type=\"widget\" data-widget_type=\"image.default\">\n\t\t\t\t<div class=\"elementor-widget-container\">\n\t\t\t\t\t\t\t\t\t\t\t\t\t\t\t<img loading=\"lazy\" decoding=\"async\" width=\"721\" height=\"1024\" src=\"https:\/\/sauvegardemontsducantal.fr\/wp-content\/uploads\/2026\/03\/samedi-18-3-721x1024.png\" class=\"attachment-large size-large wp-image-953\" alt=\"\" srcset=\"https:\/\/sauvegardemontsducantal.fr\/wp-content\/uploads\/2026\/03\/samedi-18-3-721x1024.png 721w, https:\/\/sauvegardemontsducantal.fr\/wp-content\/uploads\/2026\/03\/samedi-18-3-211x300.png 211w, https:\/\/sauvegardemontsducantal.fr\/wp-content\/uploads\/2026\/03\/samedi-18-3-768x1090.png 768w, https:\/\/sauvegardemontsducantal.fr\/wp-content\/uploads\/2026\/03\/samedi-18-3-1082x1536.png 1082w, https:\/\/sauvegardemontsducantal.fr\/wp-content\/uploads\/2026\/03\/samedi-18-3.png 1409w\" sizes=\"(max-width: 721px) 100vw, 721px\" \/>\t\t\t\t\t\t\t\t\t\t\t\t\t\t\t<\/div>\n\t\t\t\t<\/div>\n\t\t\t\t<\/div>\n\t\t\t\t\t<\/div>\n\t\t\t\t<\/div>\n\t\t<div class=\"elementor-element elementor-element-9d60a27 e-flex e-con-boxed e-con e-parent\" data-id=\"9d60a27\" data-element_type=\"container\">\n\t\t\t\t\t<div class=\"e-con-inner\">\n\t\t\t\t<div class=\"elementor-element elementor-element-521a47a elementor-widget-divider--view-line elementor-widget elementor-widget-divider\" data-id=\"521a47a\" data-element_type=\"widget\" data-widget_type=\"divider.default\">\n\t\t\t\t<div class=\"elementor-widget-container\">\n\t\t\t\t\t\t\t<div class=\"elementor-divider\">\n\t\t\t<span class=\"elementor-divider-separator\">\n\t\t\t\t\t\t<\/span>\n\t\t<\/div>\n\t\t\t\t\t\t<\/div>\n\t\t\t\t<\/div>\n\t\t\t\t\t<\/div>\n\t\t\t\t<\/div>\n\t\t<div class=\"elementor-element elementor-element-925d718 e-flex e-con-boxed e-con e-parent\" data-id=\"925d718\" data-element_type=\"container\">\n\t\t\t\t\t<div class=\"e-con-inner\">\n\t\t\t\t<div class=\"elementor-element elementor-element-91ec9da elementor-widget elementor-widget-text-editor\" data-id=\"91ec9da\" data-element_type=\"widget\" data-widget_type=\"text-editor.default\">\n\t\t\t\t<div class=\"elementor-widget-container\">\n\t\t\t\t\t\t\t\t\t<p><strong>Agenda 2025<\/strong><\/p>\t\t\t\t\t\t\t\t<\/div>\n\t\t\t\t<\/div>\n\t\t\t\t<div class=\"elementor-element elementor-element-c9a8fc3 elementor-widget elementor-widget-text-editor\" data-id=\"c9a8fc3\" data-element_type=\"widget\" data-widget_type=\"text-editor.default\">\n\t\t\t\t<div class=\"elementor-widget-container\">\n\t\t\t\t\t\t\t\t\t<p>Retour sur les actualit\u00e9s de 2025<\/p>\t\t\t\t\t\t\t\t<\/div>\n\t\t\t\t<\/div>\n\t\t\t\t<div class=\"elementor-element elementor-element-2633e14 elementor-widget-divider--view-line elementor-widget elementor-widget-divider\" data-id=\"2633e14\" data-element_type=\"widget\" data-widget_type=\"divider.default\">\n\t\t\t\t<div class=\"elementor-widget-container\">\n\t\t\t\t\t\t\t<div class=\"elementor-divider\">\n\t\t\t<span class=\"elementor-divider-separator\">\n\t\t\t\t\t\t<\/span>\n\t\t<\/div>\n\t\t\t\t\t\t<\/div>\n\t\t\t\t<\/div>\n\t\t<div class=\"elementor-element elementor-element-13475d6 e-con-full e-flex e-con e-child\" data-id=\"13475d6\" data-element_type=\"container\">\n\t\t\t\t<div class=\"elementor-element elementor-element-b25783d elementor-widget elementor-widget-image\" data-id=\"b25783d\" data-element_type=\"widget\" data-widget_type=\"image.default\">\n\t\t\t\t<div class=\"elementor-widget-container\">\n\t\t\t\t\t\t\t\t\t\t\t\t\t\t\t<img loading=\"lazy\" decoding=\"async\" width=\"300\" height=\"219\" src=\"https:\/\/sauvegardemontsducantal.fr\/wp-content\/uploads\/2025\/12\/kids-celebration-clip-art-celebrate-1024x748-1-300x219.png\" class=\"attachment-medium size-medium wp-image-942\" alt=\"\" srcset=\"https:\/\/sauvegardemontsducantal.fr\/wp-content\/uploads\/2025\/12\/kids-celebration-clip-art-celebrate-1024x748-1-300x219.png 300w, https:\/\/sauvegardemontsducantal.fr\/wp-content\/uploads\/2025\/12\/kids-celebration-clip-art-celebrate-1024x748-1-768x561.png 768w, https:\/\/sauvegardemontsducantal.fr\/wp-content\/uploads\/2025\/12\/kids-celebration-clip-art-celebrate-1024x748-1.png 1024w\" sizes=\"(max-width: 300px) 100vw, 300px\" \/>\t\t\t\t\t\t\t\t\t\t\t\t\t\t\t<\/div>\n\t\t\t\t<\/div>\n\t\t\t\t<div class=\"elementor-element elementor-element-147c9e0 elementor-widget elementor-widget-text-editor\" data-id=\"147c9e0\" data-element_type=\"widget\" data-widget_type=\"text-editor.default\">\n\t\t\t\t<div class=\"elementor-widget-container\">\n\t\t\t\t\t\t\t\t\t<h2><strong>C\u00e9l\u00e9brons nos succ\u00e8s !<\/strong><\/h2><h5><b>Samedi 20 D\u00e9cembre \u00e0 20h,<\/b> <strong>\u00e0 la Maison des associations de C\u00e9zens\u00a0<\/strong><\/h5><p><strong>Fin novembre<\/strong>, le\u00a0<strong>Conseil d\u2019\u00c9tat a rejet\u00e9 le pourvoi d\u00e9pos\u00e9 par la soci\u00e9t\u00e9 Boralex<\/strong>\u00a0concernant le projet d\u2019implantation d\u2019\u00e9oliennes sur la commune de\u00a0<strong>C\u00e9zens<\/strong>.<br \/>Cette d\u00e9cision confirme d\u00e9finitivement la protection du massif cantalien et vient\u00a0<strong>couronner plusieurs ann\u00e9es d\u2019engagement collectif<\/strong>\u00a0pour la d\u00e9fense de ce territoire exceptionnel.<\/p><p><strong>C\u00e9l\u00e9brons ensemble<\/strong> cette cet important succ\u00e8s pour <strong>nos paysages, notre patrimoine naturel et l\u2019avenir du massif cantalien !<\/strong><\/p><p>Ce moment convivial sera l\u2019occasion de vous remercier pour votre soutien, votre mobilisation et votre fid\u00e9lit\u00e9 dans cette d\u00e9marche de\u00a0<strong>pr\u00e9servation et de vigilance partag\u00e9e<\/strong>.<\/p>\t\t\t\t\t\t\t\t<\/div>\n\t\t\t\t<\/div>\n\t\t\t\t<\/div>\n\t\t\t\t<div class=\"elementor-element elementor-element-0c667e2 elementor-widget-divider--view-line elementor-widget elementor-widget-divider\" data-id=\"0c667e2\" data-element_type=\"widget\" data-widget_type=\"divider.default\">\n\t\t\t\t<div class=\"elementor-widget-container\">\n\t\t\t\t\t\t\t<div class=\"elementor-divider\">\n\t\t\t<span class=\"elementor-divider-separator\">\n\t\t\t\t\t\t<\/span>\n\t\t<\/div>\n\t\t\t\t\t\t<\/div>\n\t\t\t\t<\/div>\n\t\t\t\t\t<\/div>\n\t\t\t\t<\/div>\n\t\t<div class=\"elementor-element elementor-element-1991a48 e-flex e-con-boxed e-con e-parent\" data-id=\"1991a48\" data-element_type=\"container\">\n\t\t\t\t\t<div class=\"e-con-inner\">\n\t\t<div class=\"elementor-element elementor-element-5a13932 e-grid e-con-full e-con e-child\" data-id=\"5a13932\" data-element_type=\"container\">\n\t\t\t\t<div class=\"elementor-element elementor-element-d314f1c elementor-widget elementor-widget-text-editor\" data-id=\"d314f1c\" data-element_type=\"widget\" data-widget_type=\"text-editor.default\">\n\t\t\t\t<div class=\"elementor-widget-container\">\n\t\t\t\t\t\t\t\t\t<h6><span style=\"font-size: large;\" data-olk-copy-source=\"MessageBody\">Venez observer, \u00e9couter et reconna\u00eetre les oiseaux des hauts plateaux cantaliens, en famille ou entre amis!<\/span><\/h6><h1><span style=\"font-size: large;\">Une exp\u00e9rience nature conviviale et accessible \u00e0 tous.<\/span><\/h1><div><span style=\"font-size: large;\">\u00a0<\/span>\u00a0<\/div><div><ul><li><b>Deux dates au choix : mercredi 29 octobre ou mercredi 5 novembre.<\/b><\/li><\/ul><ul><li>Animateur : Jacky Frelon, passionn\u00e9\u00a0d&#8217;ornithologie et fin connaisseur du territoire<\/li><\/ul><ul><li>Participation libre &#8211; pr\u00e9voir des jumelles<\/li><\/ul><ul><li><b>Rendez-vous : Maison des associations de C\u00e9zens, \u00e0 14h<\/b><\/li><\/ul><ul><li><i><b>En cas de mauvais temps, une animation en salle sera propos\u00e9e.<\/b><\/i><\/li><\/ul><\/div>\t\t\t\t\t\t\t\t<\/div>\n\t\t\t\t<\/div>\n\t\t\t\t<div class=\"elementor-element elementor-element-5aae0b0 elementor-widget elementor-widget-image\" data-id=\"5aae0b0\" data-element_type=\"widget\" data-widget_type=\"image.default\">\n\t\t\t\t<div class=\"elementor-widget-container\">\n\t\t\t\t\t\t\t\t\t\t\t\t\t\t\t<img loading=\"lazy\" decoding=\"async\" width=\"200\" height=\"300\" src=\"https:\/\/sauvegardemontsducantal.fr\/wp-content\/uploads\/2025\/10\/Sorties-ornithologiques-Jacky-Frelon-200x300.png\" class=\"attachment-medium size-medium wp-image-863\" alt=\"\" srcset=\"https:\/\/sauvegardemontsducantal.fr\/wp-content\/uploads\/2025\/10\/Sorties-ornithologiques-Jacky-Frelon-200x300.png 200w, https:\/\/sauvegardemontsducantal.fr\/wp-content\/uploads\/2025\/10\/Sorties-ornithologiques-Jacky-Frelon-683x1024.png 683w, https:\/\/sauvegardemontsducantal.fr\/wp-content\/uploads\/2025\/10\/Sorties-ornithologiques-Jacky-Frelon-768x1152.png 768w, https:\/\/sauvegardemontsducantal.fr\/wp-content\/uploads\/2025\/10\/Sorties-ornithologiques-Jacky-Frelon-1024x1536.png 1024w, https:\/\/sauvegardemontsducantal.fr\/wp-content\/uploads\/2025\/10\/Sorties-ornithologiques-Jacky-Frelon-1365x2048.png 1365w, https:\/\/sauvegardemontsducantal.fr\/wp-content\/uploads\/2025\/10\/Sorties-ornithologiques-Jacky-Frelon-scaled.png 1706w\" sizes=\"(max-width: 200px) 100vw, 200px\" \/>\t\t\t\t\t\t\t\t\t\t\t\t\t\t\t<\/div>\n\t\t\t\t<\/div>\n\t\t\t\t<\/div>\n\t\t\t\t\t<\/div>\n\t\t\t\t<\/div>\n\t\t<div class=\"elementor-element elementor-element-21eb6bd e-flex e-con-boxed e-con e-parent\" data-id=\"21eb6bd\" data-element_type=\"container\">\n\t\t\t\t\t<div class=\"e-con-inner\">\n\t\t\t\t<div class=\"elementor-element elementor-element-f16562a elementor-widget-divider--view-line elementor-widget elementor-widget-divider\" data-id=\"f16562a\" data-element_type=\"widget\" data-widget_type=\"divider.default\">\n\t\t\t\t<div class=\"elementor-widget-container\">\n\t\t\t\t\t\t\t<div class=\"elementor-divider\">\n\t\t\t<span class=\"elementor-divider-separator\">\n\t\t\t\t\t\t<\/span>\n\t\t<\/div>\n\t\t\t\t\t\t<\/div>\n\t\t\t\t<\/div>\n\t\t\t\t\t<\/div>\n\t\t\t\t<\/div>\n\t\t<div class=\"elementor-element elementor-element-252f84f e-grid e-con-boxed e-con e-parent\" data-id=\"252f84f\" data-element_type=\"container\">\n\t\t\t\t\t<div class=\"e-con-inner\">\n\t\t\t\t<div class=\"elementor-element elementor-element-378cfa8 elementor-widget elementor-widget-text-editor\" data-id=\"378cfa8\" data-element_type=\"widget\" data-widget_type=\"text-editor.default\">\n\t\t\t\t<div class=\"elementor-widget-container\">\n\t\t\t\t\t\t\t\t\t<p><em><strong>14 mars Conf\u00e9rence D\u00e9couverte de la flore du Canta<\/strong><\/em>l<\/p><p><strong>Eric VALLE<\/strong>, botaniste &amp; conservateur de la r\u00e9serve naturelle nationale de la vall\u00e9e de Chaudefour 20h, \u00e0 la salle des f\u00eates de <em>Sainte-Marie<\/em><\/p>\t\t\t\t\t\t\t\t<\/div>\n\t\t\t\t<\/div>\n\t\t\t\t<div class=\"elementor-element elementor-element-1585e6a elementor-widget elementor-widget-image\" data-id=\"1585e6a\" data-element_type=\"widget\" data-widget_type=\"image.default\">\n\t\t\t\t<div class=\"elementor-widget-container\">\n\t\t\t\t\t\t\t\t\t\t\t\t\t\t\t<img loading=\"lazy\" decoding=\"async\" width=\"170\" height=\"300\" src=\"https:\/\/sauvegardemontsducantal.fr\/wp-content\/uploads\/2025\/05\/Capture-decran-2025-05-05-a-10.32.08-170x300.png\" class=\"attachment-medium size-medium wp-image-348\" alt=\"\" srcset=\"https:\/\/sauvegardemontsducantal.fr\/wp-content\/uploads\/2025\/05\/Capture-decran-2025-05-05-a-10.32.08-170x300.png 170w, https:\/\/sauvegardemontsducantal.fr\/wp-content\/uploads\/2025\/05\/Capture-decran-2025-05-05-a-10.32.08-581x1024.png 581w, https:\/\/sauvegardemontsducantal.fr\/wp-content\/uploads\/2025\/05\/Capture-decran-2025-05-05-a-10.32.08-768x1354.png 768w, https:\/\/sauvegardemontsducantal.fr\/wp-content\/uploads\/2025\/05\/Capture-decran-2025-05-05-a-10.32.08-871x1536.png 871w, https:\/\/sauvegardemontsducantal.fr\/wp-content\/uploads\/2025\/05\/Capture-decran-2025-05-05-a-10.32.08.png 986w\" sizes=\"(max-width: 170px) 100vw, 170px\" \/>\t\t\t\t\t\t\t\t\t\t\t\t\t\t\t<\/div>\n\t\t\t\t<\/div>\n\t\t\t\t\t<\/div>\n\t\t\t\t<\/div>\n\t\t<div class=\"elementor-element elementor-element-f96337f e-flex e-con-boxed e-con e-parent\" data-id=\"f96337f\" data-element_type=\"container\">\n\t\t\t\t\t<div class=\"e-con-inner\">\n\t\t\t\t<div class=\"elementor-element elementor-element-6278986 elementor-widget-divider--view-line elementor-widget elementor-widget-divider\" data-id=\"6278986\" data-element_type=\"widget\" data-widget_type=\"divider.default\">\n\t\t\t\t<div class=\"elementor-widget-container\">\n\t\t\t\t\t\t\t<div class=\"elementor-divider\">\n\t\t\t<span class=\"elementor-divider-separator\">\n\t\t\t\t\t\t<\/span>\n\t\t<\/div>\n\t\t\t\t\t\t<\/div>\n\t\t\t\t<\/div>\n\t\t\t\t\t<\/div>\n\t\t\t\t<\/div>\n\t\t<div class=\"elementor-element elementor-element-903caed e-grid e-con-boxed e-con e-parent\" data-id=\"903caed\" data-element_type=\"container\">\n\t\t\t\t\t<div class=\"e-con-inner\">\n\t\t\t\t<div class=\"elementor-element elementor-element-90281bf elementor-widget elementor-widget-image\" data-id=\"90281bf\" data-element_type=\"widget\" data-widget_type=\"image.default\">\n\t\t\t\t<div class=\"elementor-widget-container\">\n\t\t\t\t\t\t\t\t\t\t\t\t\t\t\t<img loading=\"lazy\" decoding=\"async\" width=\"1024\" height=\"820\" src=\"https:\/\/sauvegardemontsducantal.fr\/wp-content\/uploads\/2025\/05\/UTF-8Photo-Conf-Ciel-etoile-V2-1024x820.jpg\" class=\"attachment-large size-large wp-image-230\" alt=\"\" srcset=\"https:\/\/sauvegardemontsducantal.fr\/wp-content\/uploads\/2025\/05\/UTF-8Photo-Conf-Ciel-etoile-V2-1024x820.jpg 1024w, https:\/\/sauvegardemontsducantal.fr\/wp-content\/uploads\/2025\/05\/UTF-8Photo-Conf-Ciel-etoile-V2-300x240.jpg 300w, https:\/\/sauvegardemontsducantal.fr\/wp-content\/uploads\/2025\/05\/UTF-8Photo-Conf-Ciel-etoile-V2-768x615.jpg 768w, https:\/\/sauvegardemontsducantal.fr\/wp-content\/uploads\/2025\/05\/UTF-8Photo-Conf-Ciel-etoile-V2-1536x1230.jpg 1536w, https:\/\/sauvegardemontsducantal.fr\/wp-content\/uploads\/2025\/05\/UTF-8Photo-Conf-Ciel-etoile-V2-2048x1640.jpg 2048w\" sizes=\"(max-width: 1024px) 100vw, 1024px\" \/>\t\t\t\t\t\t\t\t\t\t\t\t\t\t\t<\/div>\n\t\t\t\t<\/div>\n\t\t\t\t<div class=\"elementor-element elementor-element-76956e4 elementor-widget elementor-widget-text-editor\" data-id=\"76956e4\" data-element_type=\"widget\" data-widget_type=\"text-editor.default\">\n\t\t\t\t<div class=\"elementor-widget-container\">\n\t\t\t\t\t\t\t\t\t<p><em><strong>28 mars Conf\u00e9rence Voyage dans le ciel \u00e9toil\u00e9 des monts du Cantal<\/strong><\/em><\/p><p><em>Bertrand FAURE<\/em>, animateur astronomique agr\u00e9\u00e9 par l&#8217;Association Fran\u00e7aise d&#8217;Astronomie (AFA) 20h, \u00e0 la Maison des associations de <em>C\u00e9zens \u00a0<\/em><\/p>\t\t\t\t\t\t\t\t<\/div>\n\t\t\t\t<\/div>\n\t\t\t\t\t<\/div>\n\t\t\t\t<\/div>\n\t\t<div class=\"elementor-element elementor-element-c905d86 e-flex e-con-boxed e-con e-parent\" data-id=\"c905d86\" data-element_type=\"container\">\n\t\t\t\t\t<div class=\"e-con-inner\">\n\t\t\t\t<div class=\"elementor-element elementor-element-9ed2a5a elementor-widget-divider--view-line elementor-widget elementor-widget-divider\" data-id=\"9ed2a5a\" data-element_type=\"widget\" data-widget_type=\"divider.default\">\n\t\t\t\t<div class=\"elementor-widget-container\">\n\t\t\t\t\t\t\t<div class=\"elementor-divider\">\n\t\t\t<span class=\"elementor-divider-separator\">\n\t\t\t\t\t\t<\/span>\n\t\t<\/div>\n\t\t\t\t\t\t<\/div>\n\t\t\t\t<\/div>\n\t\t\t\t\t<\/div>\n\t\t\t\t<\/div>\n\t\t<div class=\"elementor-element elementor-element-7f36398 e-grid e-con-boxed e-con e-parent\" data-id=\"7f36398\" data-element_type=\"container\">\n\t\t\t\t\t<div class=\"e-con-inner\">\n\t\t\t\t<div class=\"elementor-element elementor-element-a812ed6 elementor-widget elementor-widget-text-editor\" data-id=\"a812ed6\" data-element_type=\"widget\" data-widget_type=\"text-editor.default\">\n\t\t\t\t<div class=\"elementor-widget-container\">\n\t\t\t\t\t\t\t\t\t<p><em><strong>16, 17 et 18 mai F\u00eate du Pastoralisme, \u00e0 C\u00e9zens.<\/strong><\/em><\/p><p><em><strong> Un moment convivial, festif, et r\u00e9solument identitaire, ancr\u00e9 dans la culture locale,\u00a0<\/strong><\/em><\/p>\t\t\t\t\t\t\t\t<\/div>\n\t\t\t\t<\/div>\n\t\t\t\t<div class=\"elementor-element elementor-element-0e118d8 elementor-widget elementor-widget-image\" data-id=\"0e118d8\" data-element_type=\"widget\" data-widget_type=\"image.default\">\n\t\t\t\t<div class=\"elementor-widget-container\">\n\t\t\t\t\t\t\t\t\t\t\t\t\t\t\t<img loading=\"lazy\" decoding=\"async\" width=\"212\" height=\"300\" src=\"https:\/\/sauvegardemontsducantal.fr\/wp-content\/uploads\/2025\/04\/depliant-2025-le-25-Mars-10H-212x300.jpg\" class=\"attachment-medium size-medium wp-image-117\" alt=\"\" srcset=\"https:\/\/sauvegardemontsducantal.fr\/wp-content\/uploads\/2025\/04\/depliant-2025-le-25-Mars-10H-212x300.jpg 212w, https:\/\/sauvegardemontsducantal.fr\/wp-content\/uploads\/2025\/04\/depliant-2025-le-25-Mars-10H-722x1024.jpg 722w, https:\/\/sauvegardemontsducantal.fr\/wp-content\/uploads\/2025\/04\/depliant-2025-le-25-Mars-10H-768x1089.jpg 768w, https:\/\/sauvegardemontsducantal.fr\/wp-content\/uploads\/2025\/04\/depliant-2025-le-25-Mars-10H-1083x1536.jpg 1083w, https:\/\/sauvegardemontsducantal.fr\/wp-content\/uploads\/2025\/04\/depliant-2025-le-25-Mars-10H.jpg 1410w\" sizes=\"(max-width: 212px) 100vw, 212px\" \/>\t\t\t\t\t\t\t\t\t\t\t\t\t\t\t<\/div>\n\t\t\t\t<\/div>\n\t\t\t\t\t<\/div>\n\t\t\t\t<\/div>\n\t\t<div class=\"elementor-element elementor-element-0d7795e e-grid e-con-boxed e-con e-parent\" data-id=\"0d7795e\" data-element_type=\"container\">\n\t\t\t\t\t<div class=\"e-con-inner\">\n\t\t\t\t<div class=\"elementor-element elementor-element-bb425c5 elementor-widget elementor-widget-heading\" data-id=\"bb425c5\" data-element_type=\"widget\" data-widget_type=\"heading.default\">\n\t\t\t\t<div class=\"elementor-widget-container\">\n\t\t\t\t\t<h2 class=\"elementor-heading-title elementor-size-default\">Retour en image <\/h2>\t\t\t\t<\/div>\n\t\t\t\t<\/div>\n\t\t\t\t<div class=\"elementor-element elementor-element-0157605 elementor-arrows-position-inside elementor-pagination-position-outside elementor-widget elementor-widget-image-carousel\" data-id=\"0157605\" data-element_type=\"widget\" data-settings=\"{&quot;slides_to_show&quot;:&quot;1&quot;,&quot;navigation&quot;:&quot;both&quot;,&quot;autoplay&quot;:&quot;yes&quot;,&quot;pause_on_hover&quot;:&quot;yes&quot;,&quot;pause_on_interaction&quot;:&quot;yes&quot;,&quot;autoplay_speed&quot;:5000,&quot;infinite&quot;:&quot;yes&quot;,&quot;effect&quot;:&quot;slide&quot;,&quot;speed&quot;:500}\" data-widget_type=\"image-carousel.default\">\n\t\t\t\t<div class=\"elementor-widget-container\">\n\t\t\t\t\t\t\t<div class=\"elementor-image-carousel-wrapper swiper\" role=\"region\" aria-roledescription=\"carousel\" aria-label=\"Carrousel d\u2019images\" dir=\"ltr\">\n\t\t\t<div class=\"elementor-image-carousel swiper-wrapper swiper-image-stretch\" aria-live=\"off\">\n\t\t\t\t\t\t\t\t<div class=\"swiper-slide\" role=\"group\" aria-roledescription=\"slide\" aria-label=\"1 sur 6\"><figure class=\"swiper-slide-inner\"><img decoding=\"async\" class=\"swiper-slide-image\" src=\"https:\/\/sauvegardemontsducantal.fr\/wp-content\/uploads\/2025\/06\/20250517_112245-1-1024x745.jpg\" alt=\"20250517_112245\" \/><\/figure><\/div><div class=\"swiper-slide\" role=\"group\" aria-roledescription=\"slide\" aria-label=\"2 sur 6\"><figure class=\"swiper-slide-inner\"><img decoding=\"async\" class=\"swiper-slide-image\" src=\"https:\/\/sauvegardemontsducantal.fr\/wp-content\/uploads\/2025\/06\/20250518_124906-1-1024x768.jpg\" alt=\"20250518_124906\" \/><\/figure><\/div><div class=\"swiper-slide\" role=\"group\" aria-roledescription=\"slide\" aria-label=\"3 sur 6\"><figure class=\"swiper-slide-inner\"><img decoding=\"async\" class=\"swiper-slide-image\" src=\"https:\/\/sauvegardemontsducantal.fr\/wp-content\/uploads\/2025\/06\/IMG-20250520-WA0008-1024x769.jpg\" alt=\"IMG-20250520-WA0008\" \/><\/figure><\/div><div class=\"swiper-slide\" role=\"group\" aria-roledescription=\"slide\" aria-label=\"4 sur 6\"><figure class=\"swiper-slide-inner\"><img decoding=\"async\" class=\"swiper-slide-image\" src=\"https:\/\/sauvegardemontsducantal.fr\/wp-content\/uploads\/2025\/06\/IMG-20250520-WA0011-1024x957.jpg\" alt=\"IMG-20250520-WA0011\" \/><\/figure><\/div><div class=\"swiper-slide\" role=\"group\" aria-roledescription=\"slide\" aria-label=\"5 sur 6\"><figure class=\"swiper-slide-inner\"><img decoding=\"async\" class=\"swiper-slide-image\" src=\"https:\/\/sauvegardemontsducantal.fr\/wp-content\/uploads\/2025\/06\/IMG-20250520-WA0014-1024x769.jpg\" alt=\"IMG-20250520-WA0014\" \/><\/figure><\/div><div class=\"swiper-slide\" role=\"group\" aria-roledescription=\"slide\" aria-label=\"6 sur 6\"><figure class=\"swiper-slide-inner\"><img decoding=\"async\" class=\"swiper-slide-image\" src=\"https:\/\/sauvegardemontsducantal.fr\/wp-content\/uploads\/2025\/06\/IMG-20250520-WA0016-1024x769.jpg\" alt=\"IMG-20250520-WA0016\" \/><\/figure><\/div>\t\t\t<\/div>\n\t\t\t\t\t\t\t\t\t\t\t\t<div class=\"elementor-swiper-button elementor-swiper-button-prev\" role=\"button\" tabindex=\"0\">\n\t\t\t\t\t\t<svg aria-hidden=\"true\" class=\"e-font-icon-svg e-eicon-chevron-left\" viewBox=\"0 0 1000 1000\" xmlns=\"http:\/\/www.w3.org\/2000\/svg\"><path d=\"M646 125C629 125 613 133 604 142L308 442C296 454 292 471 292 487 292 504 296 521 308 533L604 854C617 867 629 875 646 875 663 875 679 871 692 858 704 846 713 829 713 812 713 796 708 779 692 767L438 487 692 225C700 217 708 204 708 187 708 171 704 154 692 142 675 129 663 125 646 125Z\"><\/path><\/svg>\t\t\t\t\t<\/div>\n\t\t\t\t\t<div class=\"elementor-swiper-button elementor-swiper-button-next\" role=\"button\" tabindex=\"0\">\n\t\t\t\t\t\t<svg aria-hidden=\"true\" class=\"e-font-icon-svg e-eicon-chevron-right\" viewBox=\"0 0 1000 1000\" xmlns=\"http:\/\/www.w3.org\/2000\/svg\"><path d=\"M696 533C708 521 713 504 713 487 713 471 708 454 696 446L400 146C388 133 375 125 354 125 338 125 325 129 313 142 300 154 292 171 292 187 292 204 296 221 308 233L563 492 304 771C292 783 288 800 288 817 288 833 296 850 308 863 321 871 338 875 354 875 371 875 388 867 400 854L696 533Z\"><\/path><\/svg>\t\t\t\t\t<\/div>\n\t\t\t\t\n\t\t\t\t\t\t\t\t\t<div class=\"swiper-pagination\"><\/div>\n\t\t\t\t\t\t\t\t\t<\/div>\n\t\t\t\t\t\t<\/div>\n\t\t\t\t<\/div>\n\t\t\t\t\t<\/div>\n\t\t\t\t<\/div>\n\t\t<div class=\"elementor-element elementor-element-ad6f9dd e-flex e-con-boxed e-con e-parent\" data-id=\"ad6f9dd\" data-element_type=\"container\">\n\t\t\t\t\t<div class=\"e-con-inner\">\n\t\t\t\t<div class=\"elementor-element elementor-element-10e0483 elementor-widget-divider--view-line elementor-widget elementor-widget-divider\" data-id=\"10e0483\" data-element_type=\"widget\" data-widget_type=\"divider.default\">\n\t\t\t\t<div class=\"elementor-widget-container\">\n\t\t\t\t\t\t\t<div class=\"elementor-divider\">\n\t\t\t<span class=\"elementor-divider-separator\">\n\t\t\t\t\t\t<\/span>\n\t\t<\/div>\n\t\t\t\t\t\t<\/div>\n\t\t\t\t<\/div>\n\t\t\t\t\t<\/div>\n\t\t\t\t<\/div>\n\t\t\t\t<\/div>\n\t\t","protected":false},"excerpt":{"rendered":"<p>AGENDA 2026 F\u00eate du Pastoralisme 2026 : du 15 au 17 mai, \u00e0 C\u00e9zens!\u00a0 \u00a0Informations : 06 61 00 92 03\u00a0 \u00a0 \u00a0 \u00a0 \u00a0 \u00a0\u00a0R\u00e9servations Repas : 06 78 53 54 93 Agenda 2025 Retour sur les actualit\u00e9s de 2025 C\u00e9l\u00e9brons nos succ\u00e8s ! Samedi 20 D\u00e9cembre \u00e0 20h, \u00e0 la Maison des associations&#8230;<\/p>\n","protected":false},"author":1,"featured_media":0,"parent":0,"menu_order":0,"comment_status":"closed","ping_status":"closed","template":"elementor_header_footer","meta":{"give_campaign_id":0,"_kad_post_transparent":"","_kad_post_title":"hide","_kad_post_layout":"fullwidth","_kad_post_sidebar_id":"","_kad_post_content_style":"unboxed","_kad_post_vertical_padding":"hide","_kad_post_feature":"hide","_kad_post_feature_position":"","_kad_post_header":false,"_kad_post_footer":false,"footnotes":""},"class_list":["post-19","page","type-page","status-publish","hentry"],"campaignId":"","_links":{"self":[{"href":"https:\/\/sauvegardemontsducantal.fr\/index.php?rest_route=\/wp\/v2\/pages\/19","targetHints":{"allow":["GET"]}}],"collection":[{"href":"https:\/\/sauvegardemontsducantal.fr\/index.php?rest_route=\/wp\/v2\/pages"}],"about":[{"href":"https:\/\/sauvegardemontsducantal.fr\/index.php?rest_route=\/wp\/v2\/types\/page"}],"author":[{"embeddable":true,"href":"https:\/\/sauvegardemontsducantal.fr\/index.php?rest_route=\/wp\/v2\/users\/1"}],"replies":[{"embeddable":true,"href":"https:\/\/sauvegardemontsducantal.fr\/index.php?rest_route=%2Fwp%2Fv2%2Fcomments&post=19"}],"version-history":[{"count":78,"href":"https:\/\/sauvegardemontsducantal.fr\/index.php?rest_route=\/wp\/v2\/pages\/19\/revisions"}],"predecessor-version":[{"id":957,"href":"https:\/\/sauvegardemontsducantal.fr\/index.php?rest_route=\/wp\/v2\/pages\/19\/revisions\/957"}],"wp:attachment":[{"href":"https:\/\/sauvegardemontsducantal.fr\/index.php?rest_route=%2Fwp%2Fv2%2Fmedia&parent=19"}],"curies":[{"name":"wp","href":"https:\/\/api.w.org\/{rel}","templated":true}]}}