{"id":17,"date":"2025-04-08T10:45:27","date_gmt":"2025-04-08T08:45:27","guid":{"rendered":"https:\/\/sauvegardemontsducantal.fr\/?page_id=17"},"modified":"2025-12-12T17:07:39","modified_gmt":"2025-12-12T16:07:39","slug":"equipe-et-gouvernance","status":"publish","type":"page","link":"https:\/\/sauvegardemontsducantal.fr\/?page_id=17","title":{"rendered":"\u00a0Les forces vives de l&#8217;association"},"content":{"rendered":"\t\t<div data-elementor-type=\"wp-page\" data-elementor-id=\"17\" class=\"elementor elementor-17\">\n\t\t\t\t<div class=\"elementor-element elementor-element-f391a73 e-flex e-con-boxed e-con e-parent\" data-id=\"f391a73\" data-element_type=\"container\">\n\t\t\t\t\t<div class=\"e-con-inner\">\n\t\t\t\t<div class=\"elementor-element elementor-element-6a3df48 elementor-widget elementor-widget-heading\" data-id=\"6a3df48\" data-element_type=\"widget\" data-widget_type=\"heading.default\">\n\t\t\t\t<div class=\"elementor-widget-container\">\n\t\t\t\t\t<h2 class=\"elementor-heading-title elementor-size-default\">Les membres de l'association <\/h2>\t\t\t\t<\/div>\n\t\t\t\t<\/div>\n\t\t\t\t<div class=\"elementor-element elementor-element-f8585ef elementor-widget elementor-widget-text-editor\" data-id=\"f8585ef\" data-element_type=\"widget\" data-widget_type=\"text-editor.default\">\n\t\t\t\t<div class=\"elementor-widget-container\">\n\t\t\t\t\t\t\t\t\t<div><b>L&#8217;ASSOCIATION DE SAUVEGARDE DES MONTS DU CANTAL<\/b><\/div><div>d\u00e9claration modifi\u00e9e le 29\/11\/2023<\/div><div>\u00a0<\/div><div><b>Si\u00e8ge social :<\/b>\u00a011, rue de la mairie 15230 C\u00e9zens<\/div><div>\u00a0<\/div><div>Pr\u00e9sident : <b>Matthieu HUBERT<\/b><\/div><div>Vice-Pr\u00e9sidents :<br \/><strong>Axel JOURQUIN<\/strong> : Labellisation RICE<br \/><strong>Emmanuelle COUDY<\/strong> : projet \u00ab D\u2019un volcan \u00e0 l\u2019autre \u00bb<br \/><strong>Ludovic LAFONT :<\/strong> Pastoralisme<br \/><strong>Annie MARUEJOULS<\/strong> : Patrimoine<\/div><div>\u00a0<\/div><div>Secr\u00e9taire : <strong>Elodie GRAS<\/strong><br \/><br \/>Tr\u00e9sorier : <strong>Raymond SOUBRIER<\/strong><\/div><div>\u00a0<\/div><div>Charg\u00e9 de relations\u00a0ext\u00e9rieures :<b> Louis GALTIER<\/b><\/div><div>\u00a0<\/div><div>Autres membres du Conseil d&#8217;Administration :<b> Emilien THEROND,\u00a0 Jean AJALBERT, Fr\u00e9d\u00e9ric MALBRANT, Jean-Fran\u00e7ois BOS, Jean-Fran\u00e7ois DELCHER, Jacques PERROT<\/b><\/div><div>\u00a0<\/div><div><u>Sans oublier<\/u> :<\/div><div><b>Charles DELOUSTAL, Romain BOULAT, Eric PAIZONT, Roger HUBERT, Adrien LE BOUCHARD.<\/b><\/div>\t\t\t\t\t\t\t\t<\/div>\n\t\t\t\t<\/div>\n\t\t\t\t\t<\/div>\n\t\t\t\t<\/div>\n\t\t<div class=\"elementor-element elementor-element-d5ac22c e-flex e-con-boxed e-con e-parent\" data-id=\"d5ac22c\" data-element_type=\"container\">\n\t\t\t\t\t<div class=\"e-con-inner\">\n\t\t\t\t<div class=\"elementor-element elementor-element-c74fd9a elementor-widget elementor-widget-image\" data-id=\"c74fd9a\" data-element_type=\"widget\" data-widget_type=\"image.default\">\n\t\t\t\t<div class=\"elementor-widget-container\">\n\t\t\t\t\t\t\t\t\t\t\t\t\t\t\t<img fetchpriority=\"high\" decoding=\"async\" width=\"1024\" height=\"765\" src=\"https:\/\/sauvegardemontsducantal.fr\/wp-content\/uploads\/2025\/12\/IMG-20251129-WA0000-1024x765.jpg\" class=\"attachment-large size-large wp-image-901\" alt=\"\" srcset=\"https:\/\/sauvegardemontsducantal.fr\/wp-content\/uploads\/2025\/12\/IMG-20251129-WA0000-1024x765.jpg 1024w, https:\/\/sauvegardemontsducantal.fr\/wp-content\/uploads\/2025\/12\/IMG-20251129-WA0000-300x224.jpg 300w, https:\/\/sauvegardemontsducantal.fr\/wp-content\/uploads\/2025\/12\/IMG-20251129-WA0000-768x574.jpg 768w, https:\/\/sauvegardemontsducantal.fr\/wp-content\/uploads\/2025\/12\/IMG-20251129-WA0000.jpg 1388w\" sizes=\"(max-width: 1024px) 100vw, 1024px\" \/>\t\t\t\t\t\t\t\t\t\t\t\t\t\t\t<\/div>\n\t\t\t\t<\/div>\n\t\t\t\t\t<\/div>\n\t\t\t\t<\/div>\n\t\t\t\t<\/div>\n\t\t","protected":false},"excerpt":{"rendered":"<p>Les membres de l&#8217;association L&#8217;ASSOCIATION DE SAUVEGARDE DES MONTS DU CANTALd\u00e9claration modifi\u00e9e le 29\/11\/2023\u00a0Si\u00e8ge social :\u00a011, rue de la mairie 15230 C\u00e9zens\u00a0Pr\u00e9sident : Matthieu HUBERTVice-Pr\u00e9sidents :Axel JOURQUIN : Labellisation RICEEmmanuelle COUDY : projet \u00ab D\u2019un volcan \u00e0 l\u2019autre \u00bbLudovic LAFONT : PastoralismeAnnie MARUEJOULS : Patrimoine\u00a0Secr\u00e9taire : Elodie GRAS Tr\u00e9sorier : Raymond SOUBRIER\u00a0Charg\u00e9 de relations\u00a0ext\u00e9rieures :&#8230;<\/p>\n","protected":false},"author":1,"featured_media":0,"parent":0,"menu_order":0,"comment_status":"closed","ping_status":"closed","template":"","meta":{"give_campaign_id":0,"_kad_post_transparent":"","_kad_post_title":"hide","_kad_post_layout":"fullwidth","_kad_post_sidebar_id":"","_kad_post_content_style":"unboxed","_kad_post_vertical_padding":"hide","_kad_post_feature":"hide","_kad_post_feature_position":"","_kad_post_header":false,"_kad_post_footer":false,"footnotes":""},"class_list":["post-17","page","type-page","status-publish","hentry"],"campaignId":"","_links":{"self":[{"href":"https:\/\/sauvegardemontsducantal.fr\/index.php?rest_route=\/wp\/v2\/pages\/17","targetHints":{"allow":["GET"]}}],"collection":[{"href":"https:\/\/sauvegardemontsducantal.fr\/index.php?rest_route=\/wp\/v2\/pages"}],"about":[{"href":"https:\/\/sauvegardemontsducantal.fr\/index.php?rest_route=\/wp\/v2\/types\/page"}],"author":[{"embeddable":true,"href":"https:\/\/sauvegardemontsducantal.fr\/index.php?rest_route=\/wp\/v2\/users\/1"}],"replies":[{"embeddable":true,"href":"https:\/\/sauvegardemontsducantal.fr\/index.php?rest_route=%2Fwp%2Fv2%2Fcomments&post=17"}],"version-history":[{"count":31,"href":"https:\/\/sauvegardemontsducantal.fr\/index.php?rest_route=\/wp\/v2\/pages\/17\/revisions"}],"predecessor-version":[{"id":904,"href":"https:\/\/sauvegardemontsducantal.fr\/index.php?rest_route=\/wp\/v2\/pages\/17\/revisions\/904"}],"wp:attachment":[{"href":"https:\/\/sauvegardemontsducantal.fr\/index.php?rest_route=%2Fwp%2Fv2%2Fmedia&parent=17"}],"curies":[{"name":"wp","href":"https:\/\/api.w.org\/{rel}","templated":true}]}}