{"id":13,"date":"2025-04-08T10:42:12","date_gmt":"2025-04-08T08:42:12","guid":{"rendered":"https:\/\/sauvegardemontsducantal.fr\/?page_id=13"},"modified":"2025-11-06T09:33:56","modified_gmt":"2025-11-06T08:33:56","slug":"notre-projet","status":"publish","type":"page","link":"https:\/\/sauvegardemontsducantal.fr\/?page_id=13","title":{"rendered":"Nos projets\u00a0"},"content":{"rendered":"\t\t<div data-elementor-type=\"wp-page\" data-elementor-id=\"13\" class=\"elementor elementor-13\">\n\t\t\t\t<div class=\"elementor-element elementor-element-2c62c35 e-flex e-con-boxed e-con e-parent\" data-id=\"2c62c35\" data-element_type=\"container\">\n\t\t\t\t\t<div class=\"e-con-inner\">\n\t\t\t\t<div class=\"elementor-element elementor-element-903185b elementor-widget elementor-widget-text-editor\" data-id=\"903185b\" data-element_type=\"widget\" data-widget_type=\"text-editor.default\">\n\t\t\t\t<div class=\"elementor-widget-container\">\n\t\t\t\t\t\t\t\t\t<h1>Nos projets 2025\u00a0<\/h1>\t\t\t\t\t\t\t\t<\/div>\n\t\t\t\t<\/div>\n\t\t\t\t\t<\/div>\n\t\t\t\t<\/div>\n\t\t<div class=\"elementor-element elementor-element-b18ab19 e-flex e-con-boxed e-con e-parent\" data-id=\"b18ab19\" data-element_type=\"container\">\n\t\t\t\t\t<div class=\"e-con-inner\">\n\t\t\t\t<div class=\"elementor-element elementor-element-196ec46 elementor-widget-divider--view-line elementor-widget elementor-widget-divider\" data-id=\"196ec46\" data-element_type=\"widget\" data-widget_type=\"divider.default\">\n\t\t\t\t<div class=\"elementor-widget-container\">\n\t\t\t\t\t\t\t<div class=\"elementor-divider\">\n\t\t\t<span class=\"elementor-divider-separator\">\n\t\t\t\t\t\t<\/span>\n\t\t<\/div>\n\t\t\t\t\t\t<\/div>\n\t\t\t\t<\/div>\n\t\t\t\t<div class=\"elementor-element elementor-element-6fae99c elementor-widget elementor-widget-text-editor\" data-id=\"6fae99c\" data-element_type=\"widget\" data-widget_type=\"text-editor.default\">\n\t\t\t\t<div class=\"elementor-widget-container\">\n\t\t\t\t\t\t\t\t\t<p>La F\u00eate du Pastoralisme<\/p>\t\t\t\t\t\t\t\t<\/div>\n\t\t\t\t<\/div>\n\t\t\t\t\t<\/div>\n\t\t\t\t<\/div>\n\t\t<div class=\"elementor-element elementor-element-71f0b2b e-grid e-con-boxed e-con e-parent\" data-id=\"71f0b2b\" data-element_type=\"container\">\n\t\t\t\t\t<div class=\"e-con-inner\">\n\t\t<div class=\"elementor-element elementor-element-b3cf6f0 e-grid e-con-full e-con e-child\" data-id=\"b3cf6f0\" data-element_type=\"container\">\n\t\t<div class=\"elementor-element elementor-element-b544c1b e-grid e-con-full e-con e-child\" data-id=\"b544c1b\" data-element_type=\"container\">\n\t\t\t\t<div class=\"elementor-element elementor-element-1f6ba65 elementor-widget elementor-widget-image\" data-id=\"1f6ba65\" data-element_type=\"widget\" data-widget_type=\"image.default\">\n\t\t\t\t<div class=\"elementor-widget-container\">\n\t\t\t\t\t\t\t\t\t\t\t\t\t\t\t<img fetchpriority=\"high\" decoding=\"async\" width=\"722\" height=\"1024\" src=\"https:\/\/sauvegardemontsducantal.fr\/wp-content\/uploads\/2025\/04\/depliant-2025-le-25-Mars-10H-722x1024.jpg\" class=\"attachment-large size-large wp-image-117\" alt=\"\" srcset=\"https:\/\/sauvegardemontsducantal.fr\/wp-content\/uploads\/2025\/04\/depliant-2025-le-25-Mars-10H-722x1024.jpg 722w, https:\/\/sauvegardemontsducantal.fr\/wp-content\/uploads\/2025\/04\/depliant-2025-le-25-Mars-10H-212x300.jpg 212w, https:\/\/sauvegardemontsducantal.fr\/wp-content\/uploads\/2025\/04\/depliant-2025-le-25-Mars-10H-768x1089.jpg 768w, https:\/\/sauvegardemontsducantal.fr\/wp-content\/uploads\/2025\/04\/depliant-2025-le-25-Mars-10H-1083x1536.jpg 1083w, https:\/\/sauvegardemontsducantal.fr\/wp-content\/uploads\/2025\/04\/depliant-2025-le-25-Mars-10H.jpg 1410w\" sizes=\"(max-width: 722px) 100vw, 722px\" \/>\t\t\t\t\t\t\t\t\t\t\t\t\t\t\t<\/div>\n\t\t\t\t<\/div>\n\t\t\t\t<\/div>\n\t\t\t\t<\/div>\n\t\t\t\t<div class=\"elementor-element elementor-element-b99df4b elementor-widget elementor-widget-text-editor\" data-id=\"b99df4b\" data-element_type=\"widget\" data-widget_type=\"text-editor.default\">\n\t\t\t\t<div class=\"elementor-widget-container\">\n\t\t\t\t\t\t\t\t\t<p>La &#8220;F\u00eate du Pastoralisme&#8221; qui se d\u00e9roule le 3\u00e8me week-end de Mai, chaque ann\u00e9e sur 3 jours, a pour but de faire conna\u00eetre au public la pratique ancestrale de la transhumance. \u00a0 \u00a0 \u00a0 \u00a0 \u00a0 \u00a0<\/p><p>Toujours d&#8217;actualit\u00e9, cette randonn\u00e9e vers les estives sur les pas des troupeaux est un point de passage oblig\u00e9 du cycle de l&#8217;\u00e9levage dans nos montagnes. Ce rendez-vous fait partie du paysage culturel du Cantal.<\/p><p>Des animations \u00e0 th\u00e8me, conf\u00e9rences \/ d\u00e9bats et moments conviviaux jalonnent ces journ\u00e9es de fa\u00e7on \u00e0 mettre en lumi\u00e8re notre terroir, ses traditions, ses savoir-faire et ses activit\u00e9s.<\/p><p><strong><em>Un moment convivial, festif, et r\u00e9solument identitaire, ancr\u00e9 dans la culture locale, \u00e0 ne pas manquer !<\/em><\/strong><\/p><p><strong>A inscrire d\u00e8s aujourd&#8217;hui dans vos agendas 2026 ! <\/strong><\/p><p><strong>Les 15, 16 et 17 Mai 2026 !<\/strong><\/p>\t\t\t\t\t\t\t\t<\/div>\n\t\t\t\t<\/div>\n\t\t\t\t\t<\/div>\n\t\t\t\t<\/div>\n\t\t<div class=\"elementor-element elementor-element-be4ea5b e-flex e-con-boxed e-con e-parent\" data-id=\"be4ea5b\" data-element_type=\"container\">\n\t\t\t\t\t<div class=\"e-con-inner\">\n\t\t\t\t<div class=\"elementor-element elementor-element-0670ab5 elementor-widget-divider--view-line elementor-widget elementor-widget-divider\" data-id=\"0670ab5\" data-element_type=\"widget\" data-widget_type=\"divider.default\">\n\t\t\t\t<div class=\"elementor-widget-container\">\n\t\t\t\t\t\t\t<div class=\"elementor-divider\">\n\t\t\t<span class=\"elementor-divider-separator\">\n\t\t\t\t\t\t<\/span>\n\t\t<\/div>\n\t\t\t\t\t\t<\/div>\n\t\t\t\t<\/div>\n\t\t\t\t\t<\/div>\n\t\t\t\t<\/div>\n\t\t<div class=\"elementor-element elementor-element-476d5b9 e-grid e-con-boxed e-con e-parent\" data-id=\"476d5b9\" data-element_type=\"container\">\n\t\t\t\t\t<div class=\"e-con-inner\">\n\t\t\t\t<div class=\"elementor-element elementor-element-3476cdf elementor-widget elementor-widget-text-editor\" data-id=\"3476cdf\" data-element_type=\"widget\" data-widget_type=\"text-editor.default\">\n\t\t\t\t<div class=\"elementor-widget-container\">\n\t\t\t\t\t\t\t\t\t<div><div class=\"x_gmail_signature\" dir=\"ltr\" data-smartmail=\"gmail_signature\"><h3 dir=\"ltr\"><span style=\"color: var( --e-global-color-text ); font-family: var( --e-global-typography-text-font-family ), Sans-serif; text-align: var(--text-align);\">Cycle de conf\u00e9rences<\/span><\/h3><h3 dir=\"ltr\"><span style=\"color: var( --e-global-color-text ); font-family: var( --e-global-typography-text-font-family ), Sans-serif; text-align: var(--text-align);\">\u00a0<\/span><\/h3><\/div><\/div><p><span data-olk-copy-source=\"MessageBody\">Chaque ann\u00e9e, en lien avec un coll\u00e8ge d&#8217;universitaires, d&#8217;experts et d&#8217;animateurs, l&#8217;Association de Sauvegarde des Monts du Cantal propose un cycle de conf\u00e9rences afin de faire conna\u00eetre les sp\u00e9cificit\u00e9s, les richesses et les valeurs du territoire. <\/span><\/p><p><span data-olk-copy-source=\"MessageBody\">Au programme, de multiples d\u00e9couvertes autour de centres d&#8217;int\u00e9r\u00eats qui ne cessent d&#8217;aiguiser notre curiosit\u00e9 !<\/span><\/p><p><span data-olk-copy-source=\"MessageBody\"> Le volcanisme, l&#8217;astronomie, l&#8217;entomologie, la faune et la flore ainsi que notre patrimoine sont port\u00e9s en exergue. <em><strong>De quoi captiver toute notre attention!<\/strong><\/em><\/span><\/p>\t\t\t\t\t\t\t\t<\/div>\n\t\t\t\t<\/div>\n\t\t\t\t<div class=\"elementor-element elementor-element-b2eb6e8 elementor-widget elementor-widget-image\" data-id=\"b2eb6e8\" data-element_type=\"widget\" data-widget_type=\"image.default\">\n\t\t\t\t<div class=\"elementor-widget-container\">\n\t\t\t\t\t\t\t\t\t\t\t\t\t\t\t<img decoding=\"async\" width=\"225\" height=\"300\" src=\"https:\/\/sauvegardemontsducantal.fr\/wp-content\/uploads\/2025\/04\/482087578_963050312628318_4825151721932127703_n-225x300.jpg\" class=\"attachment-medium size-medium wp-image-135\" alt=\"\" srcset=\"https:\/\/sauvegardemontsducantal.fr\/wp-content\/uploads\/2025\/04\/482087578_963050312628318_4825151721932127703_n-225x300.jpg 225w, https:\/\/sauvegardemontsducantal.fr\/wp-content\/uploads\/2025\/04\/482087578_963050312628318_4825151721932127703_n-768x1024.jpg 768w, https:\/\/sauvegardemontsducantal.fr\/wp-content\/uploads\/2025\/04\/482087578_963050312628318_4825151721932127703_n-1152x1536.jpg 1152w, https:\/\/sauvegardemontsducantal.fr\/wp-content\/uploads\/2025\/04\/482087578_963050312628318_4825151721932127703_n.jpg 1536w\" sizes=\"(max-width: 225px) 100vw, 225px\" \/>\t\t\t\t\t\t\t\t\t\t\t\t\t\t\t<\/div>\n\t\t\t\t<\/div>\n\t\t\t\t\t<\/div>\n\t\t\t\t<\/div>\n\t\t<div class=\"elementor-element elementor-element-ff5dca1 e-flex e-con-boxed e-con e-parent\" data-id=\"ff5dca1\" data-element_type=\"container\">\n\t\t\t\t\t<div class=\"e-con-inner\">\n\t\t\t\t<div class=\"elementor-element elementor-element-c13af7f elementor-widget-divider--view-line elementor-widget elementor-widget-divider\" data-id=\"c13af7f\" data-element_type=\"widget\" data-widget_type=\"divider.default\">\n\t\t\t\t<div class=\"elementor-widget-container\">\n\t\t\t\t\t\t\t<div class=\"elementor-divider\">\n\t\t\t<span class=\"elementor-divider-separator\">\n\t\t\t\t\t\t<\/span>\n\t\t<\/div>\n\t\t\t\t\t\t<\/div>\n\t\t\t\t<\/div>\n\t\t\t\t<div class=\"elementor-element elementor-element-39d8c0b elementor-widget elementor-widget-heading\" data-id=\"39d8c0b\" data-element_type=\"widget\" data-widget_type=\"heading.default\">\n\t\t\t\t<div class=\"elementor-widget-container\">\n\t\t\t\t\t<h2 class=\"elementor-heading-title elementor-size-default\">Labellisation RICE ( R\u00e9serve Internationale de Ciel Etoil\u00e9 ) <\/h2>\t\t\t\t<\/div>\n\t\t\t\t<\/div>\n\t\t\t\t\t<\/div>\n\t\t\t\t<\/div>\n\t\t<div class=\"elementor-element elementor-element-431247c e-grid e-con-boxed e-con e-parent\" data-id=\"431247c\" data-element_type=\"container\">\n\t\t\t\t\t<div class=\"e-con-inner\">\n\t\t\t\t<div class=\"elementor-element elementor-element-20c4714 elementor-widget elementor-widget-text-editor\" data-id=\"20c4714\" data-element_type=\"widget\" data-widget_type=\"text-editor.default\">\n\t\t\t\t<div class=\"elementor-widget-container\">\n\t\t\t\t\t\t\t\t\t<p>\u00a0<\/p><p>L&#8217;obtention de la labellisation RICE , qui concourt \u00e0 la protection de l&#8217;<strong>Environnement<\/strong> en diminuant la luminosit\u00e9 de nos bourgs et villages, est un facteur attractif pour les touristes et pour un public d&#8217;initi\u00e9s tel les astronautes et les photographes!<\/p><p>Un groupe de travail plac\u00e9 sous l&#8217;autorit\u00e9 de Bertrand Faure, animateur astronomique agr\u00e9\u00e9 par l&#8217;Association Fran\u00e7aise d&#8217;Astronomie (AFA), a \u00e9t\u00e9 constitu\u00e9 pour conduire l&#8217;analyse qui alimentera cette certification. Cette \u00e9tude est r\u00e9alis\u00e9e en liaison avec l&#8217;Association internationale Dark Sky.<\/p>\t\t\t\t\t\t\t\t<\/div>\n\t\t\t\t<\/div>\n\t\t\t\t<div class=\"elementor-element elementor-element-dffd7c1 elementor-widget elementor-widget-image\" data-id=\"dffd7c1\" data-element_type=\"widget\" data-widget_type=\"image.default\">\n\t\t\t\t<div class=\"elementor-widget-container\">\n\t\t\t\t\t\t\t\t\t\t\t\t\t\t\t<img decoding=\"async\" width=\"216\" height=\"300\" src=\"https:\/\/sauvegardemontsducantal.fr\/wp-content\/uploads\/2025\/04\/UTF-8Soiree-des-etoiles-216x300.jpg\" class=\"attachment-medium size-medium wp-image-136\" alt=\"\" srcset=\"https:\/\/sauvegardemontsducantal.fr\/wp-content\/uploads\/2025\/04\/UTF-8Soiree-des-etoiles-216x300.jpg 216w, https:\/\/sauvegardemontsducantal.fr\/wp-content\/uploads\/2025\/04\/UTF-8Soiree-des-etoiles-736x1024.jpg 736w, https:\/\/sauvegardemontsducantal.fr\/wp-content\/uploads\/2025\/04\/UTF-8Soiree-des-etoiles-768x1069.jpg 768w, https:\/\/sauvegardemontsducantal.fr\/wp-content\/uploads\/2025\/04\/UTF-8Soiree-des-etoiles-1103x1536.jpg 1103w, https:\/\/sauvegardemontsducantal.fr\/wp-content\/uploads\/2025\/04\/UTF-8Soiree-des-etoiles-rotated.jpg 1306w\" sizes=\"(max-width: 216px) 100vw, 216px\" \/>\t\t\t\t\t\t\t\t\t\t\t\t\t\t\t<\/div>\n\t\t\t\t<\/div>\n\t\t\t\t\t<\/div>\n\t\t\t\t<\/div>\n\t\t<div class=\"elementor-element elementor-element-ddfe265 e-flex e-con-boxed e-con e-parent\" data-id=\"ddfe265\" data-element_type=\"container\">\n\t\t\t\t\t<div class=\"e-con-inner\">\n\t\t\t\t<div class=\"elementor-element elementor-element-38657ee elementor-widget-divider--view-line elementor-widget elementor-widget-divider\" data-id=\"38657ee\" data-element_type=\"widget\" data-widget_type=\"divider.default\">\n\t\t\t\t<div class=\"elementor-widget-container\">\n\t\t\t\t\t\t\t<div class=\"elementor-divider\">\n\t\t\t<span class=\"elementor-divider-separator\">\n\t\t\t\t\t\t<\/span>\n\t\t<\/div>\n\t\t\t\t\t\t<\/div>\n\t\t\t\t<\/div>\n\t\t\t\t\t<\/div>\n\t\t\t\t<\/div>\n\t\t<div class=\"elementor-element elementor-element-14f3ad3 e-flex e-con-boxed e-con e-parent\" data-id=\"14f3ad3\" data-element_type=\"container\">\n\t\t\t\t\t<div class=\"e-con-inner\">\n\t\t\t\t<div class=\"elementor-element elementor-element-b8735eb elementor-widget elementor-widget-heading\" data-id=\"b8735eb\" data-element_type=\"widget\" data-widget_type=\"heading.default\">\n\t\t\t\t<div class=\"elementor-widget-container\">\n\t\t\t\t\t<h2 class=\"elementor-heading-title elementor-size-default\">Projet d'itin\u00e9rance \"Le Grand \u00a8Parcours Exp\u00e9rience - D'un volcan \u00e0 l'autre\"<\/h2>\t\t\t\t<\/div>\n\t\t\t\t<\/div>\n\t\t\t\t\t<\/div>\n\t\t\t\t<\/div>\n\t\t<div class=\"elementor-element elementor-element-8f22f7d e-grid e-con-boxed e-con e-parent\" data-id=\"8f22f7d\" data-element_type=\"container\">\n\t\t\t\t\t<div class=\"e-con-inner\">\n\t\t\t\t<div class=\"elementor-element elementor-element-2096a1d elementor-widget elementor-widget-text-editor\" data-id=\"2096a1d\" data-element_type=\"widget\" data-widget_type=\"text-editor.default\">\n\t\t\t\t<div class=\"elementor-widget-container\">\n\t\t\t\t\t\t\t\t\t<p>Le projet <b>\u00ab Le Grand Parcours Exp\u00e9rience \u00bb<\/b> relie deux territoires embl\u00e9matiques du Massif central : le Massif du Cantal, plus grand stratovolcan d\u2019Europe, et le plateau volcanique de l\u2019Aubrac. Entre les deux, s\u2019\u00e9tendent les vall\u00e9es oubli\u00e9es de la Truy\u00e8re, un fil conducteur naturel et patrimonial reliant deux Parcs Naturels R\u00e9gionaux : les Volcans d\u2019Auvergne et l\u2019Aubrac.<\/p>\n<p>Il ne s\u2019agit pas d\u2019inventer de nouveaux chemins mais d\u2019emprunter intelligemment l\u2019existant afin de relier le GR400 (Tour du Volcan Cantalien) et le GR des Tours des Monts d\u2019Aubrac, sur un territoire fa\u00e7onn\u00e9 par les vall\u00e9es du Siniq, de l\u2019\u00c9pie, du Brezons et de la Truy\u00e8re.<\/p>\n<div><span style=\"background-color: transparent;\">Ce projet s\u2019inscrit dans une dynamique de tourisme de pleine nature et de red\u00e9couverte du territoire : \u00ab Ailleurs, c\u2019est ici \u00bb \u2013 plut\u00f4t que de chercher l\u2019aventure \u00e0 l\u2019autre bout du monde, ce Grand Parcours Exp\u00e9rience invite \u00e0 explorer la richesse de nos paysages fran\u00e7ais, \u00e0 travers un itin\u00e9raire coh\u00e9rent, sensible&nbsp;<\/span><span style=\"background-color: transparent;\">et patrimonial.<\/span><br><span style=\"background-color: transparent;\"><br><\/span><\/div>\n<div><i><b>Symbolique :<\/b><\/i><\/div>\n<div>Le lemniscate, forme math\u00e9matique de l\u2019infini, devient la signature graphique et inspirante du projet : une boucle sans fin, symbole de continuit\u00e9, d\u2019\u00e9change et de transmission.<\/div>\t\t\t\t\t\t\t\t<\/div>\n\t\t\t\t<\/div>\n\t\t\t\t<div class=\"elementor-element elementor-element-5a97f77 elementor-widget elementor-widget-image\" data-id=\"5a97f77\" data-element_type=\"widget\" data-widget_type=\"image.default\">\n\t\t\t\t<div class=\"elementor-widget-container\">\n\t\t\t\t\t\t\t\t\t\t\t\t\t\t\t<img loading=\"lazy\" decoding=\"async\" width=\"1024\" height=\"576\" src=\"https:\/\/sauvegardemontsducantal.fr\/wp-content\/uploads\/2025\/05\/Design-sans-titre-1024x576.jpg\" class=\"attachment-large size-large wp-image-489\" alt=\"\" srcset=\"https:\/\/sauvegardemontsducantal.fr\/wp-content\/uploads\/2025\/05\/Design-sans-titre-1024x576.jpg 1024w, https:\/\/sauvegardemontsducantal.fr\/wp-content\/uploads\/2025\/05\/Design-sans-titre-300x169.jpg 300w, https:\/\/sauvegardemontsducantal.fr\/wp-content\/uploads\/2025\/05\/Design-sans-titre-768x432.jpg 768w, https:\/\/sauvegardemontsducantal.fr\/wp-content\/uploads\/2025\/05\/Design-sans-titre-1536x864.jpg 1536w, https:\/\/sauvegardemontsducantal.fr\/wp-content\/uploads\/2025\/05\/Design-sans-titre.jpg 1920w\" sizes=\"(max-width: 1024px) 100vw, 1024px\" \/>\t\t\t\t\t\t\t\t\t\t\t\t\t\t\t<\/div>\n\t\t\t\t<\/div>\n\t\t\t\t\t<\/div>\n\t\t\t\t<\/div>\n\t\t\t\t<\/div>\n\t\t","protected":false},"excerpt":{"rendered":"<p>Nos projets 2025\u00a0 La F\u00eate du Pastoralisme La &#8220;F\u00eate du Pastoralisme&#8221; qui se d\u00e9roule le 3\u00e8me week-end de Mai, chaque ann\u00e9e sur 3 jours, a pour but de faire conna\u00eetre au public la pratique ancestrale de la transhumance. \u00a0 \u00a0 \u00a0 \u00a0 \u00a0 \u00a0 Toujours d&#8217;actualit\u00e9, cette randonn\u00e9e vers les estives sur les pas des&#8230;<\/p>\n","protected":false},"author":1,"featured_media":0,"parent":0,"menu_order":0,"comment_status":"closed","ping_status":"closed","template":"","meta":{"give_campaign_id":0,"_kad_post_transparent":"","_kad_post_title":"hide","_kad_post_layout":"fullwidth","_kad_post_sidebar_id":"","_kad_post_content_style":"unboxed","_kad_post_vertical_padding":"hide","_kad_post_feature":"hide","_kad_post_feature_position":"","_kad_post_header":false,"_kad_post_footer":false,"footnotes":""},"class_list":["post-13","page","type-page","status-publish","hentry"],"campaignId":"","_links":{"self":[{"href":"https:\/\/sauvegardemontsducantal.fr\/index.php?rest_route=\/wp\/v2\/pages\/13","targetHints":{"allow":["GET"]}}],"collection":[{"href":"https:\/\/sauvegardemontsducantal.fr\/index.php?rest_route=\/wp\/v2\/pages"}],"about":[{"href":"https:\/\/sauvegardemontsducantal.fr\/index.php?rest_route=\/wp\/v2\/types\/page"}],"author":[{"embeddable":true,"href":"https:\/\/sauvegardemontsducantal.fr\/index.php?rest_route=\/wp\/v2\/users\/1"}],"replies":[{"embeddable":true,"href":"https:\/\/sauvegardemontsducantal.fr\/index.php?rest_route=%2Fwp%2Fv2%2Fcomments&post=13"}],"version-history":[{"count":149,"href":"https:\/\/sauvegardemontsducantal.fr\/index.php?rest_route=\/wp\/v2\/pages\/13\/revisions"}],"predecessor-version":[{"id":887,"href":"https:\/\/sauvegardemontsducantal.fr\/index.php?rest_route=\/wp\/v2\/pages\/13\/revisions\/887"}],"wp:attachment":[{"href":"https:\/\/sauvegardemontsducantal.fr\/index.php?rest_route=%2Fwp%2Fv2%2Fmedia&parent=13"}],"curies":[{"name":"wp","href":"https:\/\/api.w.org\/{rel}","templated":true}]}}